{"id":1126,"date":"2020-08-19T19:19:39","date_gmt":"2020-08-19T16:19:39","guid":{"rendered":"https:\/\/ruususeura.fi\/?page_id=1126"},"modified":"2025-01-13T15:42:05","modified_gmt":"2025-01-13T13:42:05","slug":"tidigare-arets-ros","status":"publish","type":"page","link":"https:\/\/ruususeura.fi\/sv\/tidigare-arets-ros\/","title":{"rendered":"Tidigare \u00c5rets ros"},"content":{"rendered":"\t\t<div data-elementor-type=\"wp-page\" data-elementor-id=\"1126\" class=\"elementor elementor-1126 elementor-1125\">\n\t\t\t\t\t\t<section class=\"elementor-section elementor-top-section elementor-element elementor-element-9c3a032 elementor-section-boxed elementor-section-height-default elementor-section-height-default\" data-id=\"9c3a032\" data-element_type=\"section\" data-e-type=\"section\">\n\t\t\t\t\t\t<div class=\"elementor-container elementor-column-gap-default\">\n\t\t\t\t\t<div class=\"aux-parallax-section elementor-column elementor-col-66 elementor-top-column elementor-element elementor-element-f29f965\" data-id=\"f29f965\" data-element_type=\"column\" data-e-type=\"column\">\n\t\t\t<div class=\"elementor-widget-wrap elementor-element-populated\">\n\t\t\t\t\t\t<div class=\"elementor-element elementor-element-9e67f2a elementor-widget elementor-widget-heading\" data-id=\"9e67f2a\" data-element_type=\"widget\" data-e-type=\"widget\" data-widget_type=\"heading.default\">\n\t\t\t\t<div class=\"elementor-widget-container\">\n\t\t\t\t\t<h1 class=\"elementor-heading-title elementor-size-default\">\u00c5rets ros 2024-1995<\/h1>\t\t\t\t<\/div>\n\t\t\t\t<\/div>\n\t\t\t\t<div class=\"elementor-element elementor-element-7182754 elementor-widget elementor-widget-text-editor\" data-id=\"7182754\" data-element_type=\"widget\" data-e-type=\"widget\" data-widget_type=\"text-editor.default\">\n\t\t\t\t<div class=\"elementor-widget-container\">\n\t\t\t\t\t\t\t\t\t<p>Rosens\u00e4llskapet har utn\u00e4mnt \u00e5rets ros fr\u00e5n 1995.<br \/>\nGenom att v\u00e4lja \u00e5rets ros vill Rosens\u00e4llskapet f\u00e4sta uppm\u00e4rksamhet vid v\u00e4rdefulla, vackra och h\u00e4rdiga rosor, samt f\u00f6rb\u00e4ttra m\u00f6jligheten att erh\u00e5lla rot\u00e4kta s\u00e5dana. De \u00e4r ofta vildrosor, fyndrosor eller f\u00f6r\u00e4dlade nya buskrosor i Finland.\u00a0 \u00c5rets rosor offentligg\u00f6rs i god tid, s\u00e5 att plantskolorna hinner f\u00f6r\u00f6ka dem f\u00f6r.<\/p>\n\t\t\t\t\t\t\t\t<\/div>\n\t\t\t\t<\/div>\n\t\t\t\t\t<\/div>\n\t\t<\/div>\n\t\t\t\t<div class=\"aux-parallax-section elementor-column elementor-col-33 elementor-top-column elementor-element elementor-element-a3d1890\" data-id=\"a3d1890\" data-element_type=\"column\" data-e-type=\"column\">\n\t\t\t<div class=\"elementor-widget-wrap\">\n\t\t\t\t\t\t\t<\/div>\n\t\t<\/div>\n\t\t\t\t\t<\/div>\n\t\t<\/section>\n\t\t\t\t<section class=\"elementor-section elementor-top-section elementor-element elementor-element-52218b1 elementor-section-full_width elementor-section-height-default elementor-section-height-default\" data-id=\"52218b1\" data-element_type=\"section\" data-e-type=\"section\">\n\t\t\t\t\t\t<div class=\"elementor-container elementor-column-gap-default\">\n\t\t\t\t\t<div class=\"aux-parallax-section elementor-column elementor-col-100 elementor-top-column elementor-element elementor-element-358995e\" data-id=\"358995e\" data-element_type=\"column\" data-e-type=\"column\">\n\t\t\t<div class=\"elementor-widget-wrap elementor-element-populated\">\n\t\t\t\t\t\t<div class=\"elementor-element elementor-element-6c2b12f elementor-widget elementor-widget-aux_recent_posts_timeline\" data-id=\"6c2b12f\" data-element_type=\"widget\" data-e-type=\"widget\" data-settings=\"{&quot;_animation&quot;:&quot;none&quot;}\" data-widget_type=\"aux_recent_posts_timeline.default\">\n\t\t\t\t<div class=\"elementor-widget-container\">\n\t\t\t\t\t<section class=\"widget-container aux-widget-recent-posts-timeline aux-column-post-entry aux-parent-au9296b693\"><div data-element-id=\"au9296b693\" class=\"aux-timeline aux-ajax-view aux-center\" data-layout=\"center\"><span class=\"aux-date-label\">december<\/span><div class=\"aux-block post-1709\">\n                        <article class=\"post post-1709 type-post status-publish format-standard hentry category-arets-ros-ruusu\">\n                                                        <div class=\"entry-media\"><div class=\"aux-media-frame aux-media-image aux-image-mask\"><a href=\"https:\/\/ruususeura.fi\/sv\/2025-marzipan\/\"><img loading=\"lazy\" decoding=\"async\" width=\"1024\" height=\"1024\" src=\"https:\/\/ruususeura.fi\/wp-content\/uploads\/2020\/08\/2025_Marzipan_kuva-foto-Pirjo-Rautio-1807-1024x1024.jpg\" alt=\"\" loading=\"lazy\" srcset=\"https:\/\/ruususeura.fi\/wp-content\/uploads\/2020\/08\/2025_Marzipan_kuva-foto-Pirjo-Rautio-1807-1024x1024.jpg 1024w, https:\/\/ruususeura.fi\/wp-content\/uploads\/2020\/08\/2025_Marzipan_kuva-foto-Pirjo-Rautio-1807-300x300.jpg 300w, https:\/\/ruususeura.fi\/wp-content\/uploads\/2020\/08\/2025_Marzipan_kuva-foto-Pirjo-Rautio-1807-150x150.jpg 150w, https:\/\/ruususeura.fi\/wp-content\/uploads\/2020\/08\/2025_Marzipan_kuva-foto-Pirjo-Rautio-1807-768x768.jpg 768w\" sizes=\"auto, (max-width: 1024px) 100vw, 1024px\" \/><\/a><\/div><\/div>\n                            \n                            <div class=\"entry-main\">\n                                                        \n                                <header class=\"entry-header\">\n                                \n                                    <h4 class=\"entry-title\">\n                                        <a href=\"https:\/\/ruususeura.fi\/sv\/2025-marzipan\/\">\n                                            2025 &#8217;Marzipan&#8217;                                        <\/a>\n                                    <\/h4>\n                                                                    <div class=\"entry-format\">\n                                        <a href=\"https:\/\/ruususeura.fi\/sv\/2025-marzipan\/\">\n                                            <div class=\"post-format format-\"> <\/div>\n                                        <\/a>\n                                    <\/div>\n                                <\/header>\n                            \n                                                            <div class=\"entry-content\">\n                                                                            <p>(Spinosissima-gruppen) Pirjo Rautio, 2003\u00a0 \u00a0 \u00a0 \u00a0 \u00a0 \u00a0 \u00a0 \u00a0 \u00a0 \u00a0 \u00a0 \u00a0 \u00a0 \u00a0 \u00a0 \u00a0 \u00a0 \u00a0 \u00a0 \u00a0 \u00a0 \u00a0 \u00a0 \u00a0 \u00a0  0,8\u20131 m h\u00f6g, h\u00e4rdig buske. M\u00f6rkgr\u00f6na sm\u00e5blad. Rotskott bildas i n\u00e5go ...<\/p><div class=\"clear\"><\/div>                                <\/div>\n                                                                                        <footer class=\"entry-meta aux-after-content\">\n                                                                        <div class=\"readmore\">\n                                        <a href=\"https:\/\/ruususeura.fi\/sv\/2025-marzipan\/\" class=\"aux-read-more\"><span class=\"aux-read-more-text\">L\u00e4s mera<\/span><\/a>\n                                    <\/div>\n                                                                    <\/footer>\n                            \n                            <\/div>\n\n                        <\/article>\n<\/div><div class=\"aux-block post-1679\">\n                        <article class=\"post post-1679 type-post status-publish format-standard hentry category-arets-ros-ruusu\">\n                                                        <div class=\"entry-media\"><div class=\"aux-media-frame aux-media-image aux-image-mask\"><a href=\"https:\/\/ruususeura.fi\/sv\/2024-lumo\/\"><img fetchpriority=\"high\" decoding=\"async\" width=\"1024\" height=\"1024\" src=\"https:\/\/ruususeura.fi\/wp-content\/uploads\/2020\/08\/2024_Lumo_kuva-foto-Pirkko-Kahila-110705-3-1024x1024.jpg\" alt=\"\" srcset=\"https:\/\/ruususeura.fi\/wp-content\/uploads\/2020\/08\/2024_Lumo_kuva-foto-Pirkko-Kahila-110705-3-1024x1024.jpg 1024w, https:\/\/ruususeura.fi\/wp-content\/uploads\/2020\/08\/2024_Lumo_kuva-foto-Pirkko-Kahila-110705-3-300x300.jpg 300w, https:\/\/ruususeura.fi\/wp-content\/uploads\/2020\/08\/2024_Lumo_kuva-foto-Pirkko-Kahila-110705-3-150x150.jpg 150w, https:\/\/ruususeura.fi\/wp-content\/uploads\/2020\/08\/2024_Lumo_kuva-foto-Pirkko-Kahila-110705-3-768x768.jpg 768w\" sizes=\"(max-width: 1024px) 100vw, 1024px\" \/><\/a><\/div><\/div>\n                            \n                            <div class=\"entry-main\">\n                                                        \n                                <header class=\"entry-header\">\n                                \n                                    <h4 class=\"entry-title\">\n                                        <a href=\"https:\/\/ruususeura.fi\/sv\/2024-lumo\/\">\n                                            2024 &#8217;Lumo&#8217;                                        <\/a>\n                                    <\/h4>\n                                                                    <div class=\"entry-format\">\n                                        <a href=\"https:\/\/ruususeura.fi\/sv\/2024-lumo\/\">\n                                            <div class=\"post-format format-\"> <\/div>\n                                        <\/a>\n                                    <\/div>\n                                <\/header>\n                            \n                                                            <div class=\"entry-content\">\n                                                                            <p>\u00a0(Moderna buskros-gruppen.) Fripollinerad planta av \u2019Applejack\u2019 Den uppr\u00e4ttv\u00e4xande busken blir en par meter h\u00f6g. Bladen \u00e4r m\u00f6rkt bl\u00e5gr\u00f6na, kraftiga taggar som \u00e4 ...<\/p><div class=\"clear\"><\/div>                                <\/div>\n                                                                                        <footer class=\"entry-meta aux-after-content\">\n                                                                        <div class=\"readmore\">\n                                        <a href=\"https:\/\/ruususeura.fi\/sv\/2024-lumo\/\" class=\"aux-read-more\"><span class=\"aux-read-more-text\">L\u00e4s mera<\/span><\/a>\n                                    <\/div>\n                                                                    <\/footer>\n                            \n                            <\/div>\n\n                        <\/article>\n<\/div><div class=\"aux-block post-1645\">\n                        <article class=\"post post-1645 type-post status-publish format-standard hentry category-arets-ros-ruusu\">\n                                                        <div class=\"entry-media\"><div class=\"aux-media-frame aux-media-image aux-image-mask\"><a href=\"https:\/\/ruususeura.fi\/sv\/2023-auli\/\"><img decoding=\"async\" width=\"768\" height=\"768\" src=\"https:\/\/ruususeura.fi\/wp-content\/uploads\/2020\/08\/2023_Auli_kuva-foto-Pirjo-Rautio-3018-768x768.jpg\" alt=\"\" srcset=\"https:\/\/ruususeura.fi\/wp-content\/uploads\/2020\/08\/2023_Auli_kuva-foto-Pirjo-Rautio-3018-768x768.jpg 768w, https:\/\/ruususeura.fi\/wp-content\/uploads\/2020\/08\/2023_Auli_kuva-foto-Pirjo-Rautio-3018-300x300.jpg 300w, https:\/\/ruususeura.fi\/wp-content\/uploads\/2020\/08\/2023_Auli_kuva-foto-Pirjo-Rautio-3018-1024x1024.jpg 1024w, https:\/\/ruususeura.fi\/wp-content\/uploads\/2020\/08\/2023_Auli_kuva-foto-Pirjo-Rautio-3018-150x150.jpg 150w\" sizes=\"(max-width: 768px) 100vw, 768px\" \/><\/a><\/div><\/div>\n                            \n                            <div class=\"entry-main\">\n                                                        \n                                <header class=\"entry-header\">\n                                \n                                    <h4 class=\"entry-title\">\n                                        <a href=\"https:\/\/ruususeura.fi\/sv\/2023-auli\/\">\n                                            2023 &#8217;Auli&#8217;                                        <\/a>\n                                    <\/h4>\n                                                                    <div class=\"entry-format\">\n                                        <a href=\"https:\/\/ruususeura.fi\/sv\/2023-auli\/\">\n                                            <div class=\"post-format format-\"> <\/div>\n                                        <\/a>\n                                    <\/div>\n                                <\/header>\n                            \n                                                            <div class=\"entry-content\">\n                                                                            <p>(Gallica-gruppen) Pirjo Rautio 2004\nRosen \u00e4r till\u00e4gnad konstn\u00e4ren Auli J\u00e4rvel\u00e4.\n\u2019Auli\u2019 v\u00e4xer till en 1\u20131,5 m h\u00f6g, bred buske. De stora sm\u00e5bladen \u00e4r tjocka och s ...<\/p><div class=\"clear\"><\/div>                                <\/div>\n                                                                                        <footer class=\"entry-meta aux-after-content\">\n                                                                        <div class=\"readmore\">\n                                        <a href=\"https:\/\/ruususeura.fi\/sv\/2023-auli\/\" class=\"aux-read-more\"><span class=\"aux-read-more-text\">L\u00e4s mera<\/span><\/a>\n                                    <\/div>\n                                                                    <\/footer>\n                            \n                            <\/div>\n\n                        <\/article>\n<\/div><div class=\"aux-block post-1604\">\n                        <article class=\"post post-1604 type-post status-publish format-standard hentry category-arets-ros-ruusu\">\n                                                        <div class=\"entry-media\"><div class=\"aux-media-frame aux-media-image aux-image-mask\"><a href=\"https:\/\/ruususeura.fi\/sv\/kommande-arets-ros-2022-malvarosen\/\"><img loading=\"lazy\" decoding=\"async\" width=\"1024\" height=\"1024\" src=\"https:\/\/ruususeura.fi\/wp-content\/uploads\/2020\/08\/2022_Malvankukka_kuva-foto-Lauri-Simonen-072-1024x1024.jpg\" alt=\"\" loading=\"lazy\" srcset=\"https:\/\/ruususeura.fi\/wp-content\/uploads\/2020\/08\/2022_Malvankukka_kuva-foto-Lauri-Simonen-072-1024x1024.jpg 1024w, https:\/\/ruususeura.fi\/wp-content\/uploads\/2020\/08\/2022_Malvankukka_kuva-foto-Lauri-Simonen-072-300x300.jpg 300w, https:\/\/ruususeura.fi\/wp-content\/uploads\/2020\/08\/2022_Malvankukka_kuva-foto-Lauri-Simonen-072-150x150.jpg 150w, https:\/\/ruususeura.fi\/wp-content\/uploads\/2020\/08\/2022_Malvankukka_kuva-foto-Lauri-Simonen-072-768x768.jpg 768w\" sizes=\"auto, (max-width: 1024px) 100vw, 1024px\" \/><\/a><\/div><\/div>\n                            \n                            <div class=\"entry-main\">\n                                                        \n                                <header class=\"entry-header\">\n                                \n                                    <h4 class=\"entry-title\">\n                                        <a href=\"https:\/\/ruususeura.fi\/sv\/kommande-arets-ros-2022-malvarosen\/\">\n                                            2022 &#8217;Malvarosen&#8217;                                        <\/a>\n                                    <\/h4>\n                                                                    <div class=\"entry-format\">\n                                        <a href=\"https:\/\/ruususeura.fi\/sv\/kommande-arets-ros-2022-malvarosen\/\">\n                                            <div class=\"post-format format-\"> <\/div>\n                                        <\/a>\n                                    <\/div>\n                                <\/header>\n                            \n                                                            <div class=\"entry-content\">\n                                                                            <p>\u00a0\u00a0Rosa cinnamomea \u2019Malvarosen\u2019 (\u2019Malvankukka\u2019)\nMalvarosen hittades p\u00e5 1990-talet p\u00e5 den tidigare g\u00e5rden Ollisaaris omr\u00e5de i Saloinen, Brahestad. \u00a0Malvarosen \u00e4r  ...<\/p><div class=\"clear\"><\/div>                                <\/div>\n                                                                                        <footer class=\"entry-meta aux-after-content\">\n                                                                        <div class=\"readmore\">\n                                        <a href=\"https:\/\/ruususeura.fi\/sv\/kommande-arets-ros-2022-malvarosen\/\" class=\"aux-read-more\"><span class=\"aux-read-more-text\">L\u00e4s mera<\/span><\/a>\n                                    <\/div>\n                                                                    <\/footer>\n                            \n                            <\/div>\n\n                        <\/article>\n<\/div><div class=\"aux-block post-1565\">\n                        <article class=\"post post-1565 type-post status-publish format-standard hentry category-arets-ros-ruusu\">\n                                                        <div class=\"entry-media\"><div class=\"aux-media-frame aux-media-image aux-image-mask\"><a href=\"https:\/\/ruususeura.fi\/sv\/2021-olkkala\/\"><img loading=\"lazy\" decoding=\"async\" width=\"1536\" height=\"1018\" src=\"https:\/\/ruususeura.fi\/wp-content\/uploads\/2020\/08\/DSC_3592-1536x1018.jpg\" alt=\"\" loading=\"lazy\" srcset=\"https:\/\/ruususeura.fi\/wp-content\/uploads\/2020\/08\/DSC_3592-1536x1018.jpg 1536w, https:\/\/ruususeura.fi\/wp-content\/uploads\/2020\/08\/DSC_3592.jpg 1920w\" sizes=\"auto, (max-width: 1536px) 100vw, 1536px\" \/><\/a><\/div><\/div>\n                            \n                            <div class=\"entry-main\">\n                                                        \n                                <header class=\"entry-header\">\n                                \n                                    <h4 class=\"entry-title\">\n                                        <a href=\"https:\/\/ruususeura.fi\/sv\/2021-olkkala\/\">\n                                            2021 &#8217;Olkkala&#8217;                                        <\/a>\n                                    <\/h4>\n                                                                    <div class=\"entry-format\">\n                                        <a href=\"https:\/\/ruususeura.fi\/sv\/2021-olkkala\/\">\n                                            <div class=\"post-format format-\"> <\/div>\n                                        <\/a>\n                                    <\/div>\n                                <\/header>\n                            \n                                                            <div class=\"entry-content\">\n                                                                            <p>Pirkko Kahila hittade 'Olkkala' \u00a0(Francofurtana-gruppen) i b\u00f6rjan av 1990-talet p\u00e5 en banvall bland n\u00e4sslor och hallonsn\u00e5r p\u00e5 Olkkala herrg\u00e5rds omr\u00e5de i Vichtis ...<\/p><div class=\"clear\"><\/div>                                <\/div>\n                                                                                        <footer class=\"entry-meta aux-after-content\">\n                                                                        <div class=\"readmore\">\n                                        <a href=\"https:\/\/ruususeura.fi\/sv\/2021-olkkala\/\" class=\"aux-read-more\"><span class=\"aux-read-more-text\">L\u00e4s mera<\/span><\/a>\n                                    <\/div>\n                                                                    <\/footer>\n                            \n                            <\/div>\n\n                        <\/article>\n<\/div><span class=\"aux-date-label\">augusti<\/span><div class=\"aux-block post-618\">\n                        <article class=\"post post-618 type-post status-publish format-standard has-post-thumbnail hentry category-arets-ros-ruusu\">\n                                                        <div class=\"entry-media\"><div class=\"aux-media-frame aux-media-image aux-image-mask\"><a href=\"https:\/\/ruususeura.fi\/sv\/arets-ros-2020\/\"><img decoding=\"async\" src=\"https:\/\/ruususeura.fi\/wp-content\/uploads\/2020\/04\/vuodenruusu2020-300x450.jpg\" class=\"aux-attachment aux-featured-image attachment-600x450 aux-attachment-id-376 \" alt=\"\u00c5rets ros 2020 &quot;Aurora&quot;\" srcset=\"https:\/\/ruususeura.fi\/wp-content\/uploads\/2020\/04\/vuodenruusu2020-75x113.jpg 150w,https:\/\/ruususeura.fi\/wp-content\/uploads\/2020\/04\/vuodenruusu2020-150x225.jpg 300w,https:\/\/ruususeura.fi\/wp-content\/uploads\/2020\/04\/vuodenruusu2020-300x450.jpg 600w,https:\/\/ruususeura.fi\/wp-content\/uploads\/2020\/04\/vuodenruusu2020-673x504.jpg 673w\" data-ratio=\"1.33\" data-original-w=\"683\" sizes=\"(max-width:479px) 480px,(max-width:767px) 768px,(max-width:1023px) 1024px,600px\" \/><\/a><\/div><\/div>\n                            \n                            <div class=\"entry-main\">\n                                                        \n                                <header class=\"entry-header\">\n                                \n                                    <h4 class=\"entry-title\">\n                                        <a href=\"https:\/\/ruususeura.fi\/sv\/arets-ros-2020\/\">\n                                            2020 &#8217;Aurora&#8217;                                        <\/a>\n                                    <\/h4>\n                                                                    <div class=\"entry-format\">\n                                        <a href=\"https:\/\/ruususeura.fi\/sv\/arets-ros-2020\/\">\n                                            <div class=\"post-format format-\"> <\/div>\n                                        <\/a>\n                                    <\/div>\n                                <\/header>\n                            \n                                                            <div class=\"entry-content\">\n                                                                            <p>\t\t\t\t\t\t\t\t\t\t\t\t\t\t\n\t\t\t\t\t\t\t\t\t\t\t\t\t\t\t\t\t\t\t\t\t\t\t\t\t\t\n\t\t\t\t\t\t\t\t\t\t\t\t\t\t\t\t\t\t\t\t\t\t\t\t\t\t\n\t\t\nHarisonii-ryhm\u00e4 \n\n\nInger Kullberg\n\n\nFinska Rosens\u00e4llskapet har valt \u2019Aurora\u2019 till \u00e5rets  ...<\/p><div class=\"clear\"><\/div>                                <\/div>\n                                                                                        <footer class=\"entry-meta aux-after-content\">\n                                                                        <div class=\"readmore\">\n                                        <a href=\"https:\/\/ruususeura.fi\/sv\/arets-ros-2020\/\" class=\"aux-read-more\"><span class=\"aux-read-more-text\">L\u00e4s mera<\/span><\/a>\n                                    <\/div>\n                                                                    <\/footer>\n                            \n                            <\/div>\n\n                        <\/article>\n<\/div><span class=\"aux-date-label\">april<\/span><div class=\"aux-block post-678\">\n                        <article class=\"post post-678 type-post status-publish format-standard has-post-thumbnail hentry category-arets-ros-ruusu\">\n                                                        <div class=\"entry-media\"><div class=\"aux-media-frame aux-media-image aux-image-mask\"><a href=\"https:\/\/ruususeura.fi\/sv\/arets-ros-2019\/\"><img decoding=\"async\" src=\"https:\/\/ruususeura.fi\/wp-content\/uploads\/2020\/04\/vuodenruusu2019.jpg\" class=\"aux-attachment aux-featured-image attachment-300x199 aux-attachment-id-487 \" alt=\"Fazers r\u00f6da 2019\" srcset=\"https:\/\/ruususeura.fi\/wp-content\/uploads\/2020\/04\/vuodenruusu2019-150x100.jpg 150w,https:\/\/ruususeura.fi\/wp-content\/uploads\/2020\/04\/vuodenruusu2019.jpg 300w,https:\/\/ruususeura.fi\/wp-content\/uploads\/2020\/04\/vuodenruusu2019-290x217.jpg 290w\" data-ratio=\"1.33\" data-original-w=\"300\" sizes=\"(max-width:479px) 480px,(max-width:767px) 768px,(max-width:1023px) 1024px,300px\" \/><\/a><\/div><\/div>\n                            \n                            <div class=\"entry-main\">\n                                                        \n                                <header class=\"entry-header\">\n                                \n                                    <h4 class=\"entry-title\">\n                                        <a href=\"https:\/\/ruususeura.fi\/sv\/arets-ros-2019\/\">\n                                            2019 &#8217;Fazers R\u00f6da&#8217;                                        <\/a>\n                                    <\/h4>\n                                                                    <div class=\"entry-format\">\n                                        <a href=\"https:\/\/ruususeura.fi\/sv\/arets-ros-2019\/\">\n                                            <div class=\"post-format format-\"> <\/div>\n                                        <\/a>\n                                    <\/div>\n                                <\/header>\n                            \n                                                            <div class=\"entry-content\">\n                                                                            <p>Hittad p\u00e5 sl\u00e4kten Fazers tidigare sommarst\u00e4lle p\u00e5 Edisholmen i Porkkala sk\u00e4rg\u00e5rd.\nRosen v\u00e4xer till en h\u00f6jd av 2-3 meter och bildar rikligt med rotskott. Nya sko ...<\/p><div class=\"clear\"><\/div>                                <\/div>\n                                                                                        <footer class=\"entry-meta aux-after-content\">\n                                                                        <div class=\"readmore\">\n                                        <a href=\"https:\/\/ruususeura.fi\/sv\/arets-ros-2019\/\" class=\"aux-read-more\"><span class=\"aux-read-more-text\">L\u00e4s mera<\/span><\/a>\n                                    <\/div>\n                                                                    <\/footer>\n                            \n                            <\/div>\n\n                        <\/article>\n<\/div><div class=\"aux-block post-676\">\n                        <article class=\"post post-676 type-post status-publish format-standard has-post-thumbnail hentry category-arets-ros-ruusu\">\n                                                        <div class=\"entry-media\"><div class=\"aux-media-frame aux-media-image aux-image-mask\"><a href=\"https:\/\/ruususeura.fi\/sv\/vuoden-ruusu-2018\/\"><img decoding=\"async\" src=\"https:\/\/ruususeura.fi\/wp-content\/uploads\/2020\/04\/vuodenruusu2018-338x450.jpg\" class=\"aux-attachment aux-featured-image attachment-375x450 aux-attachment-id-483 \" alt=\"Linnanm\u00e4ki 2018\" srcset=\"https:\/\/ruususeura.fi\/wp-content\/uploads\/2020\/04\/vuodenruusu2018-85x113.jpg 150w,https:\/\/ruususeura.fi\/wp-content\/uploads\/2020\/04\/vuodenruusu2018-169x225.jpg 300w,https:\/\/ruususeura.fi\/wp-content\/uploads\/2020\/04\/vuodenruusu2018-338x450.jpg 375w,https:\/\/ruususeura.fi\/wp-content\/uploads\/2020\/04\/vuodenruusu2018-365x273.jpg 365w\" data-ratio=\"1.33\" data-original-w=\"375\" sizes=\"(max-width:479px) 480px,(max-width:767px) 768px,(max-width:1023px) 1024px,375px\" \/><\/a><\/div><\/div>\n                            \n                            <div class=\"entry-main\">\n                                                        \n                                <header class=\"entry-header\">\n                                \n                                    <h4 class=\"entry-title\">\n                                        <a href=\"https:\/\/ruususeura.fi\/sv\/vuoden-ruusu-2018\/\">\n                                            2018 &#8217;Linnanm\u00e4ki&#8217; (Borgbacken)                                        <\/a>\n                                    <\/h4>\n                                                                    <div class=\"entry-format\">\n                                        <a href=\"https:\/\/ruususeura.fi\/sv\/vuoden-ruusu-2018\/\">\n                                            <div class=\"post-format format-\"> <\/div>\n                                        <\/a>\n                                    <\/div>\n                                <\/header>\n                            \n                                                            <div class=\"entry-content\">\n                                                                            <p>'Linnanm\u00e4en kaunotar', K-686 \u00a0(Borgbackens sk\u00f6nhet) \u00a0 \u00a0 \u00a0\u00a0\n(Spinosissima-gruppen)\nBlommorna har 5 kronblad. De \u00e4r gr\u00e4ddvita, till och med ljust gula n\u00e4r blomman ...<\/p><div class=\"clear\"><\/div>                                <\/div>\n                                                                                        <footer class=\"entry-meta aux-after-content\">\n                                                                        <div class=\"readmore\">\n                                        <a href=\"https:\/\/ruususeura.fi\/sv\/vuoden-ruusu-2018\/\" class=\"aux-read-more\"><span class=\"aux-read-more-text\">L\u00e4s mera<\/span><\/a>\n                                    <\/div>\n                                                                    <\/footer>\n                            \n                            <\/div>\n\n                        <\/article>\n<\/div><div class=\"aux-block post-674\">\n                        <article class=\"post post-674 type-post status-publish format-standard has-post-thumbnail hentry category-arets-ros-ruusu\">\n                                                        <div class=\"entry-media\"><div class=\"aux-media-frame aux-media-image aux-image-mask\"><a href=\"https:\/\/ruususeura.fi\/sv\/arets-ros-2017\/\"><img decoding=\"async\" src=\"https:\/\/ruususeura.fi\/wp-content\/uploads\/2020\/04\/vuodenruusu2017.jpg\" class=\"aux-attachment aux-featured-image attachment-500x375 aux-attachment-id-479 \" alt=\"Juhannusruusu 2017\" srcset=\"https:\/\/ruususeura.fi\/wp-content\/uploads\/2020\/04\/vuodenruusu2017-150x113.jpg 150w,https:\/\/ruususeura.fi\/wp-content\/uploads\/2020\/04\/vuodenruusu2017-300x225.jpg 300w,https:\/\/ruususeura.fi\/wp-content\/uploads\/2020\/04\/vuodenruusu2017.jpg 500w,https:\/\/ruususeura.fi\/wp-content\/uploads\/2020\/04\/vuodenruusu2017-490x367.jpg 490w\" data-ratio=\"1.33\" data-original-w=\"500\" sizes=\"(max-width:479px) 480px,(max-width:767px) 768px,(max-width:1023px) 1024px,500px\" \/><\/a><\/div><\/div>\n                            \n                            <div class=\"entry-main\">\n                                                        \n                                <header class=\"entry-header\">\n                                \n                                    <h4 class=\"entry-title\">\n                                        <a href=\"https:\/\/ruususeura.fi\/sv\/arets-ros-2017\/\">\n                                            2017 Midsommarrosen                                        <\/a>\n                                    <\/h4>\n                                                                    <div class=\"entry-format\">\n                                        <a href=\"https:\/\/ruususeura.fi\/sv\/arets-ros-2017\/\">\n                                            <div class=\"post-format format-\"> <\/div>\n                                        <\/a>\n                                    <\/div>\n                                <\/header>\n                            \n                                                            <div class=\"entry-content\">\n                                                                            <p>Rosa Spinosissima 'Plena'\nSpinosissima- gruppen\nMidsommarrosen har odlats i Finland sedan 1800-talet. Dess ursprung \u00e4r obekant. Eventuellt h\u00e4rstammar den fr\u00e5n R ...<\/p><div class=\"clear\"><\/div>                                <\/div>\n                                                                                        <footer class=\"entry-meta aux-after-content\">\n                                                                        <div class=\"readmore\">\n                                        <a href=\"https:\/\/ruususeura.fi\/sv\/arets-ros-2017\/\" class=\"aux-read-more\"><span class=\"aux-read-more-text\">L\u00e4s mera<\/span><\/a>\n                                    <\/div>\n                                                                    <\/footer>\n                            \n                            <\/div>\n\n                        <\/article>\n<\/div><div class=\"aux-block post-670\">\n                        <article class=\"post post-670 type-post status-publish format-standard has-post-thumbnail hentry category-arets-ros-ruusu\">\n                                                        <div class=\"entry-media\"><div class=\"aux-media-frame aux-media-image aux-image-mask\"><a href=\"https:\/\/ruususeura.fi\/sv\/arets-ros-2016\/\"><img decoding=\"async\" src=\"https:\/\/ruususeura.fi\/wp-content\/uploads\/2020\/04\/vuodenruusu2016.jpg\" class=\"aux-attachment aux-featured-image attachment-500x375 aux-attachment-id-475 \" alt=\"Toukoniity 2016\" srcset=\"https:\/\/ruususeura.fi\/wp-content\/uploads\/2020\/04\/vuodenruusu2016-150x113.jpg 150w,https:\/\/ruususeura.fi\/wp-content\/uploads\/2020\/04\/vuodenruusu2016-300x225.jpg 300w,https:\/\/ruususeura.fi\/wp-content\/uploads\/2020\/04\/vuodenruusu2016.jpg 500w,https:\/\/ruususeura.fi\/wp-content\/uploads\/2020\/04\/vuodenruusu2016-490x367.jpg 490w\" data-ratio=\"1.33\" data-original-w=\"500\" sizes=\"(max-width:479px) 480px,(max-width:767px) 768px,(max-width:1023px) 1024px,500px\" \/><\/a><\/div><\/div>\n                            \n                            <div class=\"entry-main\">\n                                                        \n                                <header class=\"entry-header\">\n                                \n                                    <h4 class=\"entry-title\">\n                                        <a href=\"https:\/\/ruususeura.fi\/sv\/arets-ros-2016\/\">\n                                            2016 &#8217;Toukoniitty&#8217;                                        <\/a>\n                                    <\/h4>\n                                                                    <div class=\"entry-format\">\n                                        <a href=\"https:\/\/ruususeura.fi\/sv\/arets-ros-2016\/\">\n                                            <div class=\"post-format format-\"> <\/div>\n                                        <\/a>\n                                    <\/div>\n                                <\/header>\n                            \n                                                            <div class=\"entry-content\">\n                                                                            <p>Blanda gruppen.\nKanadensisk roskorsning som hittats i Toukoniitty parken i Helsingfors.\u00a0Kraftigt v\u00e4xande 1,8 m h\u00f6g buske med sparsamt taggar. Rikligt rotskott.\u00a0 ...<\/p><div class=\"clear\"><\/div>                                <\/div>\n                                                                                        <footer class=\"entry-meta aux-after-content\">\n                                                                        <div class=\"readmore\">\n                                        <a href=\"https:\/\/ruususeura.fi\/sv\/arets-ros-2016\/\" class=\"aux-read-more\"><span class=\"aux-read-more-text\">L\u00e4s mera<\/span><\/a>\n                                    <\/div>\n                                                                    <\/footer>\n                            \n                            <\/div>\n\n                        <\/article>\n<\/div><div class=\"aux-block post-668\">\n                        <article class=\"post post-668 type-post status-publish format-standard has-post-thumbnail hentry category-arets-ros-ruusu\">\n                                                        <div class=\"entry-media\"><div class=\"aux-media-frame aux-media-image aux-image-mask\"><a href=\"https:\/\/ruususeura.fi\/sv\/arets-ros-2015\/\"><img decoding=\"async\" src=\"https:\/\/ruususeura.fi\/wp-content\/uploads\/2020\/04\/vuodenruusu2015.jpg\" class=\"aux-attachment aux-featured-image attachment-500x333 aux-attachment-id-471 \" alt=\"Merveille 2015\" srcset=\"https:\/\/ruususeura.fi\/wp-content\/uploads\/2020\/04\/vuodenruusu2015-150x100.jpg 150w,https:\/\/ruususeura.fi\/wp-content\/uploads\/2020\/04\/vuodenruusu2015-300x200.jpg 300w,https:\/\/ruususeura.fi\/wp-content\/uploads\/2020\/04\/vuodenruusu2015.jpg 500w,https:\/\/ruususeura.fi\/wp-content\/uploads\/2020\/04\/vuodenruusu2015-490x367.jpg 490w\" data-ratio=\"1.33\" data-original-w=\"500\" sizes=\"(max-width:479px) 480px,(max-width:767px) 768px,(max-width:1023px) 1024px,500px\" \/><\/a><\/div><\/div>\n                            \n                            <div class=\"entry-main\">\n                                                        \n                                <header class=\"entry-header\">\n                                \n                                    <h4 class=\"entry-title\">\n                                        <a href=\"https:\/\/ruususeura.fi\/sv\/arets-ros-2015\/\">\n                                            2015 &#8217;Merveille&#8217;                                        <\/a>\n                                    <\/h4>\n                                                                    <div class=\"entry-format\">\n                                        <a href=\"https:\/\/ruususeura.fi\/sv\/arets-ros-2015\/\">\n                                            <div class=\"post-format format-\"> <\/div>\n                                        <\/a>\n                                    <\/div>\n                                <\/header>\n                            \n                                                            <div class=\"entry-content\">\n                                                                            <p>\nGallica gruppen\n\nPirjo Rautio, 2005, Korsning av \u2019Nuits de Young\u2019 och en gallica.\n\n\u2019Merveille\u2019 blir 1,5 m h\u00f6g, blommar rikligt. Bildar rotskott. Blomning fr\u00e5n  ...<\/p><div class=\"clear\"><\/div>                                <\/div>\n                                                                                        <footer class=\"entry-meta aux-after-content\">\n                                                                        <div class=\"readmore\">\n                                        <a href=\"https:\/\/ruususeura.fi\/sv\/arets-ros-2015\/\" class=\"aux-read-more\"><span class=\"aux-read-more-text\">L\u00e4s mera<\/span><\/a>\n                                    <\/div>\n                                                                    <\/footer>\n                            \n                            <\/div>\n\n                        <\/article>\n<\/div><div class=\"aux-block post-664\">\n                        <article class=\"post post-664 type-post status-publish format-standard has-post-thumbnail hentry category-arets-ros-ruusu\">\n                                                        <div class=\"entry-media\"><div class=\"aux-media-frame aux-media-image aux-image-mask\"><a href=\"https:\/\/ruususeura.fi\/sv\/vuoden-ruusu-2014\/\"><img decoding=\"async\" src=\"https:\/\/ruususeura.fi\/wp-content\/uploads\/2020\/04\/vuodenruusu2014.jpg\" class=\"aux-attachment aux-featured-image attachment-500x332 aux-attachment-id-467 \" alt=\"Tove 2014\" srcset=\"https:\/\/ruususeura.fi\/wp-content\/uploads\/2020\/04\/vuodenruusu2014-150x100.jpg 150w,https:\/\/ruususeura.fi\/wp-content\/uploads\/2020\/04\/vuodenruusu2014-300x199.jpg 300w,https:\/\/ruususeura.fi\/wp-content\/uploads\/2020\/04\/vuodenruusu2014.jpg 500w,https:\/\/ruususeura.fi\/wp-content\/uploads\/2020\/04\/vuodenruusu2014-490x367.jpg 490w\" data-ratio=\"1.33\" data-original-w=\"500\" sizes=\"(max-width:479px) 480px,(max-width:767px) 768px,(max-width:1023px) 1024px,500px\" \/><\/a><\/div><\/div>\n                            \n                            <div class=\"entry-main\">\n                                                        \n                                <header class=\"entry-header\">\n                                \n                                    <h4 class=\"entry-title\">\n                                        <a href=\"https:\/\/ruususeura.fi\/sv\/vuoden-ruusu-2014\/\">\n                                            2014 &#8217;Tove Jansson&#8217;                                        <\/a>\n                                    <\/h4>\n                                                                    <div class=\"entry-format\">\n                                        <a href=\"https:\/\/ruususeura.fi\/sv\/vuoden-ruusu-2014\/\">\n                                            <div class=\"post-format format-\"> <\/div>\n                                        <\/a>\n                                    <\/div>\n                                <\/header>\n                            \n                                                            <div class=\"entry-content\">\n                                                                            <p>\nSpinosissima gruppen.\u00a0'Poppius' x 'Red Nelly', Peter Joy 1990\n\n\u201dTove\u201d v\u00e4xer till en 1,5 m h\u00f6g, uppr\u00e4tt buske. Stammarna r\u00f6dbruna-gr\u00e5, Rikligt sm\u00e5 taggar. Rikli ...<\/p><div class=\"clear\"><\/div>                                <\/div>\n                                                                                        <footer class=\"entry-meta aux-after-content\">\n                                                                        <div class=\"readmore\">\n                                        <a href=\"https:\/\/ruususeura.fi\/sv\/vuoden-ruusu-2014\/\" class=\"aux-read-more\"><span class=\"aux-read-more-text\">L\u00e4s mera<\/span><\/a>\n                                    <\/div>\n                                                                    <\/footer>\n                            \n                            <\/div>\n\n                        <\/article>\n<\/div><div class=\"aux-block post-662\">\n                        <article class=\"post post-662 type-post status-publish format-standard has-post-thumbnail hentry category-arets-ros-ruusu\">\n                                                        <div class=\"entry-media\"><div class=\"aux-media-frame aux-media-image aux-image-mask\"><a href=\"https:\/\/ruususeura.fi\/sv\/arets-ros-2013\/\"><img decoding=\"async\" src=\"https:\/\/ruususeura.fi\/wp-content\/uploads\/2020\/04\/vuodenruusu2013.jpg\" class=\"aux-attachment aux-featured-image attachment-500x375 aux-attachment-id-463 \" alt=\"Tarja Halonen 2013\" srcset=\"https:\/\/ruususeura.fi\/wp-content\/uploads\/2020\/04\/vuodenruusu2013-150x113.jpg 150w,https:\/\/ruususeura.fi\/wp-content\/uploads\/2020\/04\/vuodenruusu2013-300x225.jpg 300w,https:\/\/ruususeura.fi\/wp-content\/uploads\/2020\/04\/vuodenruusu2013.jpg 500w,https:\/\/ruususeura.fi\/wp-content\/uploads\/2020\/04\/vuodenruusu2013-490x367.jpg 490w\" data-ratio=\"1.33\" data-original-w=\"500\" sizes=\"(max-width:479px) 480px,(max-width:767px) 768px,(max-width:1023px) 1024px,500px\" \/><\/a><\/div><\/div>\n                            \n                            <div class=\"entry-main\">\n                                                        \n                                <header class=\"entry-header\">\n                                \n                                    <h4 class=\"entry-title\">\n                                        <a href=\"https:\/\/ruususeura.fi\/sv\/arets-ros-2013\/\">\n                                            2013 &#8217;Tarja Halonen&#8217;                                        <\/a>\n                                    <\/h4>\n                                                                    <div class=\"entry-format\">\n                                        <a href=\"https:\/\/ruususeura.fi\/sv\/arets-ros-2013\/\">\n                                            <div class=\"post-format format-\"> <\/div>\n                                        <\/a>\n                                    <\/div>\n                                <\/header>\n                            \n                                                            <div class=\"entry-content\">\n                                                                            <p>Rosen hittades i Helsingfors tidigare stadstr\u00e4dg\u00e5rdsm\u00e4stare Bengt Schalins tr\u00e4dg\u00e5rd.\nD\u00e4rav ocks\u00e5 det tidigare namnet \u2019Schalin 10\u2019. Vid det Internationella ros\u00e5r ...<\/p><div class=\"clear\"><\/div>                                <\/div>\n                                                                                        <footer class=\"entry-meta aux-after-content\">\n                                                                        <div class=\"readmore\">\n                                        <a href=\"https:\/\/ruususeura.fi\/sv\/arets-ros-2013\/\" class=\"aux-read-more\"><span class=\"aux-read-more-text\">L\u00e4s mera<\/span><\/a>\n                                    <\/div>\n                                                                    <\/footer>\n                            \n                            <\/div>\n\n                        <\/article>\n<\/div><div class=\"aux-block post-660\">\n                        <article class=\"post post-660 type-post status-publish format-standard has-post-thumbnail hentry category-arets-ros-ruusu\">\n                                                        <div class=\"entry-media\"><div class=\"aux-media-frame aux-media-image aux-image-mask\"><a href=\"https:\/\/ruususeura.fi\/sv\/arets-ros-2012\/\"><img decoding=\"async\" src=\"https:\/\/ruususeura.fi\/wp-content\/uploads\/2020\/04\/vuodenruusu2012.jpg\" class=\"aux-attachment aux-featured-image attachment-500x333 aux-attachment-id-459 \" alt=\"Ruskela 2012\" srcset=\"https:\/\/ruususeura.fi\/wp-content\/uploads\/2020\/04\/vuodenruusu2012-150x100.jpg 150w,https:\/\/ruususeura.fi\/wp-content\/uploads\/2020\/04\/vuodenruusu2012-300x200.jpg 300w,https:\/\/ruususeura.fi\/wp-content\/uploads\/2020\/04\/vuodenruusu2012.jpg 500w,https:\/\/ruususeura.fi\/wp-content\/uploads\/2020\/04\/vuodenruusu2012-490x367.jpg 490w\" data-ratio=\"1.33\" data-original-w=\"500\" sizes=\"(max-width:479px) 480px,(max-width:767px) 768px,(max-width:1023px) 1024px,500px\" \/><\/a><\/div><\/div>\n                            \n                            <div class=\"entry-main\">\n                                                        \n                                <header class=\"entry-header\">\n                                \n                                    <h4 class=\"entry-title\">\n                                        <a href=\"https:\/\/ruususeura.fi\/sv\/arets-ros-2012\/\">\n                                            2012 &#8217;Ruskela&#8217;                                        <\/a>\n                                    <\/h4>\n                                                                    <div class=\"entry-format\">\n                                        <a href=\"https:\/\/ruususeura.fi\/sv\/arets-ros-2012\/\">\n                                            <div class=\"post-format format-\"> <\/div>\n                                        <\/a>\n                                    <\/div>\n                                <\/header>\n                            \n                                                            <div class=\"entry-content\">\n                                                                            <p>\nSpinosissima gruppen.\n\n\n\nFyndros fr\u00e5n Vichtis. Har senare hittats i Kauttua, Vaalimaa och n\u00e4ra Viborg.  Enligt Aila Korhonen kan \u2019Ruskela\u2019 ursprungligen vara r ...<\/p><div class=\"clear\"><\/div>                                <\/div>\n                                                                                        <footer class=\"entry-meta aux-after-content\">\n                                                                        <div class=\"readmore\">\n                                        <a href=\"https:\/\/ruususeura.fi\/sv\/arets-ros-2012\/\" class=\"aux-read-more\"><span class=\"aux-read-more-text\">L\u00e4s mera<\/span><\/a>\n                                    <\/div>\n                                                                    <\/footer>\n                            \n                            <\/div>\n\n                        <\/article>\n<\/div><div class=\"aux-block post-656\">\n                        <article class=\"post post-656 type-post status-publish format-standard has-post-thumbnail hentry category-arets-ros-ruusu\">\n                                                        <div class=\"entry-media\"><div class=\"aux-media-frame aux-media-image aux-image-mask\"><a href=\"https:\/\/ruususeura.fi\/sv\/arets-ros-2011\/\"><img decoding=\"async\" src=\"https:\/\/ruususeura.fi\/wp-content\/uploads\/2020\/04\/vuodenruusu2011.jpg\" class=\"aux-attachment aux-featured-image attachment-500x332 aux-attachment-id-455 \" alt=\"Ristinummi 2011\" srcset=\"https:\/\/ruususeura.fi\/wp-content\/uploads\/2020\/04\/vuodenruusu2011-150x100.jpg 150w,https:\/\/ruususeura.fi\/wp-content\/uploads\/2020\/04\/vuodenruusu2011-300x199.jpg 300w,https:\/\/ruususeura.fi\/wp-content\/uploads\/2020\/04\/vuodenruusu2011.jpg 500w,https:\/\/ruususeura.fi\/wp-content\/uploads\/2020\/04\/vuodenruusu2011-490x367.jpg 490w\" data-ratio=\"1.33\" data-original-w=\"500\" sizes=\"(max-width:479px) 480px,(max-width:767px) 768px,(max-width:1023px) 1024px,500px\" \/><\/a><\/div><\/div>\n                            \n                            <div class=\"entry-main\">\n                                                        \n                                <header class=\"entry-header\">\n                                \n                                    <h4 class=\"entry-title\">\n                                        <a href=\"https:\/\/ruususeura.fi\/sv\/arets-ros-2011\/\">\n                                            2011 &#8217;Ristnummi&#8217;                                        <\/a>\n                                    <\/h4>\n                                                                    <div class=\"entry-format\">\n                                        <a href=\"https:\/\/ruususeura.fi\/sv\/arets-ros-2011\/\">\n                                            <div class=\"post-format format-\"> <\/div>\n                                        <\/a>\n                                    <\/div>\n                                <\/header>\n                            \n                                                            <div class=\"entry-content\">\n                                                                            <p>\nSannolik korsning av rugosa och spinosissima. Fyndros fr\u00e5n j\u00e4rnv\u00e4gsvallen vid Ristinummi station i J\u00e4rvenp\u00e4\u00e4 i b\u00f6rjan av 1990-talet.\n\n\u2019Ristinummi\u2019 v\u00e4xer till e ...<\/p><div class=\"clear\"><\/div>                                <\/div>\n                                                                                        <footer class=\"entry-meta aux-after-content\">\n                                                                        <div class=\"readmore\">\n                                        <a href=\"https:\/\/ruususeura.fi\/sv\/arets-ros-2011\/\" class=\"aux-read-more\"><span class=\"aux-read-more-text\">L\u00e4s mera<\/span><\/a>\n                                    <\/div>\n                                                                    <\/footer>\n                            \n                            <\/div>\n\n                        <\/article>\n<\/div><div class=\"aux-block post-652\">\n                        <article class=\"post post-652 type-post status-publish format-standard has-post-thumbnail hentry category-arets-ros-ruusu\">\n                                                        <div class=\"entry-media\"><div class=\"aux-media-frame aux-media-image aux-image-mask\"><a href=\"https:\/\/ruususeura.fi\/sv\/arets-ros-2010\/\"><img decoding=\"async\" src=\"https:\/\/ruususeura.fi\/wp-content\/uploads\/2020\/04\/vuodenruusu2010.jpg\" class=\"aux-attachment aux-featured-image attachment-500x375 aux-attachment-id-451 \" alt=\"Poppius 2010\" srcset=\"https:\/\/ruususeura.fi\/wp-content\/uploads\/2020\/04\/vuodenruusu2010-150x113.jpg 150w,https:\/\/ruususeura.fi\/wp-content\/uploads\/2020\/04\/vuodenruusu2010-300x225.jpg 300w,https:\/\/ruususeura.fi\/wp-content\/uploads\/2020\/04\/vuodenruusu2010.jpg 500w,https:\/\/ruususeura.fi\/wp-content\/uploads\/2020\/04\/vuodenruusu2010-490x367.jpg 490w\" data-ratio=\"1.33\" data-original-w=\"500\" sizes=\"(max-width:479px) 480px,(max-width:767px) 768px,(max-width:1023px) 1024px,500px\" \/><\/a><\/div><\/div>\n                            \n                            <div class=\"entry-main\">\n                                                        \n                                <header class=\"entry-header\">\n                                \n                                    <h4 class=\"entry-title\">\n                                        <a href=\"https:\/\/ruususeura.fi\/sv\/arets-ros-2010\/\">\n                                            2010 &#8217;Poppius&#8217;                                        <\/a>\n                                    <\/h4>\n                                                                    <div class=\"entry-format\">\n                                        <a href=\"https:\/\/ruususeura.fi\/sv\/arets-ros-2010\/\">\n                                            <div class=\"post-format format-\"> <\/div>\n                                        <\/a>\n                                    <\/div>\n                                <\/header>\n                            \n                                                            <div class=\"entry-content\">\n                                                                            <p>M\u00f6jligen en korsning av en \u00a0pimpinellasort \u00d7 bergsrosen(R. pendulina).\nPoppius kommer fr\u00e5n den svenska jordbruksakademins f\u00f6rs\u00f6ksanstalt, vars ledare var Carl S ...<\/p><div class=\"clear\"><\/div>                                <\/div>\n                                                                                        <footer class=\"entry-meta aux-after-content\">\n                                                                        <div class=\"readmore\">\n                                        <a href=\"https:\/\/ruususeura.fi\/sv\/arets-ros-2010\/\" class=\"aux-read-more\"><span class=\"aux-read-more-text\">L\u00e4s mera<\/span><\/a>\n                                    <\/div>\n                                                                    <\/footer>\n                            \n                            <\/div>\n\n                        <\/article>\n<\/div><div class=\"aux-block post-650\">\n                        <article class=\"post post-650 type-post status-publish format-standard has-post-thumbnail hentry category-arets-ros-ruusu\">\n                                                        <div class=\"entry-media\"><div class=\"aux-media-frame aux-media-image aux-image-mask\"><a href=\"https:\/\/ruususeura.fi\/sv\/arets-ros-2009\/\"><img decoding=\"async\" src=\"https:\/\/ruususeura.fi\/wp-content\/uploads\/2020\/04\/vuodenruusu2009.jpg\" class=\"aux-attachment aux-featured-image attachment-500x333 aux-attachment-id-447 \" alt=\"Herttoniemen Helena 2009\" srcset=\"https:\/\/ruususeura.fi\/wp-content\/uploads\/2020\/04\/vuodenruusu2009-150x100.jpg 150w,https:\/\/ruususeura.fi\/wp-content\/uploads\/2020\/04\/vuodenruusu2009-300x200.jpg 300w,https:\/\/ruususeura.fi\/wp-content\/uploads\/2020\/04\/vuodenruusu2009.jpg 500w,https:\/\/ruususeura.fi\/wp-content\/uploads\/2020\/04\/vuodenruusu2009-490x367.jpg 490w\" data-ratio=\"1.33\" data-original-w=\"500\" sizes=\"(max-width:479px) 480px,(max-width:767px) 768px,(max-width:1023px) 1024px,500px\" \/><\/a><\/div><\/div>\n                            \n                            <div class=\"entry-main\">\n                                                        \n                                <header class=\"entry-header\">\n                                \n                                    <h4 class=\"entry-title\">\n                                        <a href=\"https:\/\/ruususeura.fi\/sv\/arets-ros-2009\/\">\n                                            2009 &#8217;Herttoniemi&#8217;, &#8217;Hertton\u00e4s Helena&#8217;                                        <\/a>\n                                    <\/h4>\n                                                                    <div class=\"entry-format\">\n                                        <a href=\"https:\/\/ruususeura.fi\/sv\/arets-ros-2009\/\">\n                                            <div class=\"post-format format-\"> <\/div>\n                                        <\/a>\n                                    <\/div>\n                                <\/header>\n                            \n                                                            <div class=\"entry-content\">\n                                                                            <p>Blanda-gruppen\nDen h\u00e4r korsningen av kanadensisk ros hittades i b\u00f6rjan av 1970-talet n\u00e4ra Herton\u00e4s g\u00e5rd i Helsingfors.\u00a0Rosen har efter upphittaren \u00e4ven kallats  ...<\/p><div class=\"clear\"><\/div>                                <\/div>\n                                                                                        <footer class=\"entry-meta aux-after-content\">\n                                                                        <div class=\"readmore\">\n                                        <a href=\"https:\/\/ruususeura.fi\/sv\/arets-ros-2009\/\" class=\"aux-read-more\"><span class=\"aux-read-more-text\">L\u00e4s mera<\/span><\/a>\n                                    <\/div>\n                                                                    <\/footer>\n                            \n                            <\/div>\n\n                        <\/article>\n<\/div><div class=\"aux-block post-648\">\n                        <article class=\"post post-648 type-post status-publish format-standard has-post-thumbnail hentry category-arets-ros-ruusu\">\n                                                        <div class=\"entry-media\"><div class=\"aux-media-frame aux-media-image aux-image-mask\"><a href=\"https:\/\/ruususeura.fi\/sv\/arets-ros-2008\/\"><img decoding=\"async\" src=\"https:\/\/ruususeura.fi\/wp-content\/uploads\/2020\/04\/vuodenruusu2008.jpg\" class=\"aux-attachment aux-featured-image attachment-500x332 aux-attachment-id-443 \" alt=\"Iitin Tiltu 2008\" srcset=\"https:\/\/ruususeura.fi\/wp-content\/uploads\/2020\/04\/vuodenruusu2008-150x100.jpg 150w,https:\/\/ruususeura.fi\/wp-content\/uploads\/2020\/04\/vuodenruusu2008-300x199.jpg 300w,https:\/\/ruususeura.fi\/wp-content\/uploads\/2020\/04\/vuodenruusu2008.jpg 500w,https:\/\/ruususeura.fi\/wp-content\/uploads\/2020\/04\/vuodenruusu2008-490x367.jpg 490w\" data-ratio=\"1.33\" data-original-w=\"500\" sizes=\"(max-width:479px) 480px,(max-width:767px) 768px,(max-width:1023px) 1024px,500px\" \/><\/a><\/div><\/div>\n                            \n                            <div class=\"entry-main\">\n                                                        \n                                <header class=\"entry-header\">\n                                \n                                    <h4 class=\"entry-title\">\n                                        <a href=\"https:\/\/ruususeura.fi\/sv\/arets-ros-2008\/\">\n                                            2008 &#8217;Iitin Tiltu&#8217;                                        <\/a>\n                                    <\/h4>\n                                                                    <div class=\"entry-format\">\n                                        <a href=\"https:\/\/ruususeura.fi\/sv\/arets-ros-2008\/\">\n                                            <div class=\"post-format format-\"> <\/div>\n                                        <\/a>\n                                    <\/div>\n                                <\/header>\n                            \n                                                            <div class=\"entry-content\">\n                                                                            <p>En korsning av en Gallica(Valamo?) och en rugosa.\n\u2018Iitin Tiltu\u2019 hittades f\u00f6re andra v\u00e4rldskriget i Iitis kyrkby.\u00a0Den har f\u00e5tt namn efter Hiski Salomaas s\u00e5ng. \u2019I ...<\/p><div class=\"clear\"><\/div>                                <\/div>\n                                                                                        <footer class=\"entry-meta aux-after-content\">\n                                                                        <div class=\"readmore\">\n                                        <a href=\"https:\/\/ruususeura.fi\/sv\/arets-ros-2008\/\" class=\"aux-read-more\"><span class=\"aux-read-more-text\">L\u00e4s mera<\/span><\/a>\n                                    <\/div>\n                                                                    <\/footer>\n                            \n                            <\/div>\n\n                        <\/article>\n<\/div><div class=\"aux-block post-646\">\n                        <article class=\"post post-646 type-post status-publish format-standard has-post-thumbnail hentry category-arets-ros-ruusu\">\n                                                        <div class=\"entry-media\"><div class=\"aux-media-frame aux-media-image aux-image-mask\"><a href=\"https:\/\/ruususeura.fi\/sv\/arets-ros-2007\/\"><img decoding=\"async\" src=\"https:\/\/ruususeura.fi\/wp-content\/uploads\/2020\/04\/vuodenruusu2007.jpg\" class=\"aux-attachment aux-featured-image attachment-500x375 aux-attachment-id-439 \" alt=\"Papula 2007\" srcset=\"https:\/\/ruususeura.fi\/wp-content\/uploads\/2020\/04\/vuodenruusu2007-150x113.jpg 150w,https:\/\/ruususeura.fi\/wp-content\/uploads\/2020\/04\/vuodenruusu2007-300x225.jpg 300w,https:\/\/ruususeura.fi\/wp-content\/uploads\/2020\/04\/vuodenruusu2007.jpg 500w,https:\/\/ruususeura.fi\/wp-content\/uploads\/2020\/04\/vuodenruusu2007-490x367.jpg 490w\" data-ratio=\"1.33\" data-original-w=\"500\" sizes=\"(max-width:479px) 480px,(max-width:767px) 768px,(max-width:1023px) 1024px,500px\" \/><\/a><\/div><\/div>\n                            \n                            <div class=\"entry-main\">\n                                                        \n                                <header class=\"entry-header\">\n                                \n                                    <h4 class=\"entry-title\">\n                                        <a href=\"https:\/\/ruususeura.fi\/sv\/arets-ros-2007\/\">\n                                            2007 &#8217;Papula&#8217;                                        <\/a>\n                                    <\/h4>\n                                                                    <div class=\"entry-format\">\n                                        <a href=\"https:\/\/ruususeura.fi\/sv\/arets-ros-2007\/\">\n                                            <div class=\"post-format format-\"> <\/div>\n                                        <\/a>\n                                    <\/div>\n                                <\/header>\n                            \n                                                            <div class=\"entry-content\">\n                                                                            <p>Spinosissima gruppen.\nRosen har f\u00e5tt sitt namn efter Papula g\u00e5rd n\u00e4ra Viborg dit den h\u00e4mtats fr\u00e5n norra Tyskland p\u00e5 1860-talet.\n\u2019Papula\u2019 bildar en 1,5 m h\u00f6g t\u00e4t ...<\/p><div class=\"clear\"><\/div>                                <\/div>\n                                                                                        <footer class=\"entry-meta aux-after-content\">\n                                                                        <div class=\"readmore\">\n                                        <a href=\"https:\/\/ruususeura.fi\/sv\/arets-ros-2007\/\" class=\"aux-read-more\"><span class=\"aux-read-more-text\">L\u00e4s mera<\/span><\/a>\n                                    <\/div>\n                                                                    <\/footer>\n                            \n                            <\/div>\n\n                        <\/article>\n<\/div><div class=\"aux-block post-644\">\n                        <article class=\"post post-644 type-post status-publish format-standard has-post-thumbnail hentry category-arets-ros-ruusu\">\n                                                        <div class=\"entry-media\"><div class=\"aux-media-frame aux-media-image aux-image-mask\"><a href=\"https:\/\/ruususeura.fi\/sv\/arets-ros-2006\/\"><img decoding=\"async\" src=\"https:\/\/ruususeura.fi\/wp-content\/uploads\/2020\/04\/vuodenruusu2006.jpg\" class=\"aux-attachment aux-featured-image attachment-500x332 aux-attachment-id-435 \" alt=\"Pohjolan Kuningatar 2006\" srcset=\"https:\/\/ruususeura.fi\/wp-content\/uploads\/2020\/04\/vuodenruusu2006-150x100.jpg 150w,https:\/\/ruususeura.fi\/wp-content\/uploads\/2020\/04\/vuodenruusu2006-300x199.jpg 300w,https:\/\/ruususeura.fi\/wp-content\/uploads\/2020\/04\/vuodenruusu2006.jpg 500w,https:\/\/ruususeura.fi\/wp-content\/uploads\/2020\/04\/vuodenruusu2006-490x367.jpg 490w\" data-ratio=\"1.33\" data-original-w=\"500\" sizes=\"(max-width:479px) 480px,(max-width:767px) 768px,(max-width:1023px) 1024px,500px\" \/><\/a><\/div><\/div>\n                            \n                            <div class=\"entry-main\">\n                                                        \n                                <header class=\"entry-header\">\n                                \n                                    <h4 class=\"entry-title\">\n                                        <a href=\"https:\/\/ruususeura.fi\/sv\/arets-ros-2006\/\">\n                                            2006 &#8217;Nordens Drottning&#8217;, &#8217;Kaiserin des Norden&#8217;                                        <\/a>\n                                    <\/h4>\n                                                                    <div class=\"entry-format\">\n                                        <a href=\"https:\/\/ruususeura.fi\/sv\/arets-ros-2006\/\">\n                                            <div class=\"post-format format-\"> <\/div>\n                                        <\/a>\n                                    <\/div>\n                                <\/header>\n                            \n                                                            <div class=\"entry-content\">\n                                                                            <p>Ryssland, ca. 1870.\nR. davurica \u00d7 n\u00e5gon rugosasort.\n\u2019Nordens Drottning\u2019 kommer fr\u00e5n St Petersburgs botaniska tr\u00e4dg\u00e5rd. Fr\u00e5n 1860-talet odlade man d\u00e4r under ledn ...<\/p><div class=\"clear\"><\/div>                                <\/div>\n                                                                                        <footer class=\"entry-meta aux-after-content\">\n                                                                        <div class=\"readmore\">\n                                        <a href=\"https:\/\/ruususeura.fi\/sv\/arets-ros-2006\/\" class=\"aux-read-more\"><span class=\"aux-read-more-text\">L\u00e4s mera<\/span><\/a>\n                                    <\/div>\n                                                                    <\/footer>\n                            \n                            <\/div>\n\n                        <\/article>\n<\/div><div class=\"aux-block post-642\">\n                        <article class=\"post post-642 type-post status-publish format-standard has-post-thumbnail hentry category-arets-ros-ruusu\">\n                                                        <div class=\"entry-media\"><div class=\"aux-media-frame aux-media-image aux-image-mask\"><a href=\"https:\/\/ruususeura.fi\/sv\/arets-ros-2005\/\"><img decoding=\"async\" src=\"https:\/\/ruususeura.fi\/wp-content\/uploads\/2020\/04\/vuodenruusu2005.jpg\" class=\"aux-attachment aux-featured-image attachment-500x375 aux-attachment-id-430 \" alt=\"Mustialanruusu 2005\" srcset=\"https:\/\/ruususeura.fi\/wp-content\/uploads\/2020\/04\/vuodenruusu2005-150x113.jpg 150w,https:\/\/ruususeura.fi\/wp-content\/uploads\/2020\/04\/vuodenruusu2005-300x225.jpg 300w,https:\/\/ruususeura.fi\/wp-content\/uploads\/2020\/04\/vuodenruusu2005.jpg 500w,https:\/\/ruususeura.fi\/wp-content\/uploads\/2020\/04\/vuodenruusu2005-490x367.jpg 490w\" data-ratio=\"1.33\" data-original-w=\"500\" sizes=\"(max-width:479px) 480px,(max-width:767px) 768px,(max-width:1023px) 1024px,500px\" \/><\/a><\/div><\/div>\n                            \n                            <div class=\"entry-main\">\n                                                        \n                                <header class=\"entry-header\">\n                                \n                                    <h4 class=\"entry-title\">\n                                        <a href=\"https:\/\/ruususeura.fi\/sv\/arets-ros-2005\/\">\n                                            2005 &#8217;Minette&#8217;, Mustialarosen                                        <\/a>\n                                    <\/h4>\n                                                                    <div class=\"entry-format\">\n                                        <a href=\"https:\/\/ruususeura.fi\/sv\/arets-ros-2005\/\">\n                                            <div class=\"post-format format-\"> <\/div>\n                                        <\/a>\n                                    <\/div>\n                                <\/header>\n                            \n                                                            <div class=\"entry-content\">\n                                                                            <p>Vibert, Frankrike 1819\n\nF\u00f6r\u00e4dlaren klassificerade rosen som en centifolia. Ibland klassificeras \u2019Minette\u2019 som en kyrkog\u00e5rdsros, i Finland som en Alba ros.&nbsp; ...<\/p><div class=\"clear\"><\/div>                                <\/div>\n                                                                                        <footer class=\"entry-meta aux-after-content\">\n                                                                        <div class=\"readmore\">\n                                        <a href=\"https:\/\/ruususeura.fi\/sv\/arets-ros-2005\/\" class=\"aux-read-more\"><span class=\"aux-read-more-text\">L\u00e4s mera<\/span><\/a>\n                                    <\/div>\n                                                                    <\/footer>\n                            \n                            <\/div>\n\n                        <\/article>\n<\/div><div class=\"aux-block post-638\">\n                        <article class=\"post post-638 type-post status-publish format-standard has-post-thumbnail hentry category-arets-ros-ruusu\">\n                                                        <div class=\"entry-media\"><div class=\"aux-media-frame aux-media-image aux-image-mask\"><a href=\"https:\/\/ruususeura.fi\/sv\/arets-ros-2004\/\"><img decoding=\"async\" src=\"https:\/\/ruususeura.fi\/wp-content\/uploads\/2020\/04\/vuodenruusu2004.jpg\" class=\"aux-attachment aux-featured-image attachment-500x324 aux-attachment-id-426 \" alt=\"Karjalanruusu 2004\" srcset=\"https:\/\/ruususeura.fi\/wp-content\/uploads\/2020\/04\/vuodenruusu2004-150x97.jpg 150w,https:\/\/ruususeura.fi\/wp-content\/uploads\/2020\/04\/vuodenruusu2004-300x194.jpg 300w,https:\/\/ruususeura.fi\/wp-content\/uploads\/2020\/04\/vuodenruusu2004.jpg 500w,https:\/\/ruususeura.fi\/wp-content\/uploads\/2020\/04\/vuodenruusu2004-490x367.jpg 490w\" data-ratio=\"1.33\" data-original-w=\"500\" sizes=\"(max-width:479px) 480px,(max-width:767px) 768px,(max-width:1023px) 1024px,500px\" \/><\/a><\/div><\/div>\n                            \n                            <div class=\"entry-main\">\n                                                        \n                                <header class=\"entry-header\">\n                                \n                                    <h4 class=\"entry-title\">\n                                        <a href=\"https:\/\/ruususeura.fi\/sv\/arets-ros-2004\/\">\n                                            2004 Karelarrosen                                        <\/a>\n                                    <\/h4>\n                                                                    <div class=\"entry-format\">\n                                        <a href=\"https:\/\/ruususeura.fi\/sv\/arets-ros-2004\/\">\n                                            <div class=\"post-format format-\"> <\/div>\n                                        <\/a>\n                                    <\/div>\n                                <\/header>\n                            \n                                                            <div class=\"entry-content\">\n                                                                            <p>\nKarelarrosen har ett stort utbredningsomr\u00e5de: i det nordliga barrskogsb\u00e4ltet fr\u00e5n Sveriges \u00f6stra delar p\u00e5 den norra hemisf\u00e4ren till Kanadas \u00f6stra delar. I Finl ...<\/p><div class=\"clear\"><\/div>                                <\/div>\n                                                                                        <footer class=\"entry-meta aux-after-content\">\n                                                                        <div class=\"readmore\">\n                                        <a href=\"https:\/\/ruususeura.fi\/sv\/arets-ros-2004\/\" class=\"aux-read-more\"><span class=\"aux-read-more-text\">L\u00e4s mera<\/span><\/a>\n                                    <\/div>\n                                                                    <\/footer>\n                            \n                            <\/div>\n\n                        <\/article>\n<\/div><div class=\"aux-block post-634\">\n                        <article class=\"post post-634 type-post status-publish format-standard has-post-thumbnail hentry category-arets-ros-ruusu\">\n                                                        <div class=\"entry-media\"><div class=\"aux-media-frame aux-media-image aux-image-mask\"><a href=\"https:\/\/ruususeura.fi\/sv\/arets-ros-2003\/\"><img decoding=\"async\" src=\"https:\/\/ruususeura.fi\/wp-content\/uploads\/2020\/04\/vuodenruusu2003.jpg\" class=\"aux-attachment aux-featured-image attachment-500x375 aux-attachment-id-422 \" alt=\"Matti Hesperia 2003\" srcset=\"https:\/\/ruususeura.fi\/wp-content\/uploads\/2020\/04\/vuodenruusu2003-150x113.jpg 150w,https:\/\/ruususeura.fi\/wp-content\/uploads\/2020\/04\/vuodenruusu2003-300x225.jpg 300w,https:\/\/ruususeura.fi\/wp-content\/uploads\/2020\/04\/vuodenruusu2003.jpg 500w,https:\/\/ruususeura.fi\/wp-content\/uploads\/2020\/04\/vuodenruusu2003-490x367.jpg 490w\" data-ratio=\"1.33\" data-original-w=\"500\" sizes=\"(max-width:479px) 480px,(max-width:767px) 768px,(max-width:1023px) 1024px,500px\" \/><\/a><\/div><\/div>\n                            \n                            <div class=\"entry-main\">\n                                                        \n                                <header class=\"entry-header\">\n                                \n                                    <h4 class=\"entry-title\">\n                                        <a href=\"https:\/\/ruususeura.fi\/sv\/arets-ros-2003\/\">\n                                            2003 &#8217;Matti Hesperia&#8217;                                        <\/a>\n                                    <\/h4>\n                                                                    <div class=\"entry-format\">\n                                        <a href=\"https:\/\/ruususeura.fi\/sv\/arets-ros-2003\/\">\n                                            <div class=\"post-format format-\"> <\/div>\n                                        <\/a>\n                                    <\/div>\n                                <\/header>\n                            \n                                                            <div class=\"entry-content\">\n                                                                            <p>Harisonii-gruppen\nRosen hittades i Hesperiaparken i Helsingfors d\u00e4r man under stadstr\u00e4dg\u00e5rdsm\u00e4staren Bengt Schalins tid \u00e5r 1949 hade planterat sorten 'Ormiston  ...<\/p><div class=\"clear\"><\/div>                                <\/div>\n                                                                                        <footer class=\"entry-meta aux-after-content\">\n                                                                        <div class=\"readmore\">\n                                        <a href=\"https:\/\/ruususeura.fi\/sv\/arets-ros-2003\/\" class=\"aux-read-more\"><span class=\"aux-read-more-text\">L\u00e4s mera<\/span><\/a>\n                                    <\/div>\n                                                                    <\/footer>\n                            \n                            <\/div>\n\n                        <\/article>\n<\/div><div class=\"aux-block post-632\">\n                        <article class=\"post post-632 type-post status-publish format-standard has-post-thumbnail hentry category-arets-ros-ruusu\">\n                                                        <div class=\"entry-media\"><div class=\"aux-media-frame aux-media-image aux-image-mask\"><a href=\"https:\/\/ruususeura.fi\/sv\/arets-ros-2002\/\"><img decoding=\"async\" src=\"https:\/\/ruususeura.fi\/wp-content\/uploads\/2020\/04\/vuodenruusu2002.jpg\" class=\"aux-attachment aux-featured-image attachment-500x375 aux-attachment-id-418 \" alt=\"Juhannusmorsian 2002\" srcset=\"https:\/\/ruususeura.fi\/wp-content\/uploads\/2020\/04\/vuodenruusu2002-150x113.jpg 150w,https:\/\/ruususeura.fi\/wp-content\/uploads\/2020\/04\/vuodenruusu2002-300x225.jpg 300w,https:\/\/ruususeura.fi\/wp-content\/uploads\/2020\/04\/vuodenruusu2002.jpg 500w,https:\/\/ruususeura.fi\/wp-content\/uploads\/2020\/04\/vuodenruusu2002-490x367.jpg 490w\" data-ratio=\"1.33\" data-original-w=\"500\" sizes=\"(max-width:479px) 480px,(max-width:767px) 768px,(max-width:1023px) 1024px,500px\" \/><\/a><\/div><\/div>\n                            \n                            <div class=\"entry-main\">\n                                                        \n                                <header class=\"entry-header\">\n                                \n                                    <h4 class=\"entry-title\">\n                                        <a href=\"https:\/\/ruususeura.fi\/sv\/arets-ros-2002\/\">\n                                            2002 &#8217;Juhannusmorsian&#8217;, &#8217;Midsommarbruden&#8217;                                        <\/a>\n                                    <\/h4>\n                                                                    <div class=\"entry-format\">\n                                        <a href=\"https:\/\/ruususeura.fi\/sv\/arets-ros-2002\/\">\n                                            <div class=\"post-format format-\"> <\/div>\n                                        <\/a>\n                                    <\/div>\n                                <\/header>\n                            \n                                                            <div class=\"entry-content\">\n                                                                            <p>\nSpinosissima gruppen\n\nMan vet att rosen funnits i Elim\u00e4ki kyrkoby sedan 1954. Dit hade den h\u00e4mtats fr\u00e5n Kurhila by i Asikkala. Pimpinellaforskaren  Aila Korhon ...<\/p><div class=\"clear\"><\/div>                                <\/div>\n                                                                                        <footer class=\"entry-meta aux-after-content\">\n                                                                        <div class=\"readmore\">\n                                        <a href=\"https:\/\/ruususeura.fi\/sv\/arets-ros-2002\/\" class=\"aux-read-more\"><span class=\"aux-read-more-text\">L\u00e4s mera<\/span><\/a>\n                                    <\/div>\n                                                                    <\/footer>\n                            \n                            <\/div>\n\n                        <\/article>\n<\/div><div class=\"aux-block post-630\">\n                        <article class=\"post post-630 type-post status-publish format-standard has-post-thumbnail hentry category-arets-ros-ruusu\">\n                                                        <div class=\"entry-media\"><div class=\"aux-media-frame aux-media-image aux-image-mask\"><a href=\"https:\/\/ruususeura.fi\/sv\/arets-ros-2001\/\"><img decoding=\"async\" src=\"https:\/\/ruususeura.fi\/wp-content\/uploads\/2020\/04\/vuodenruusu2001.jpg\" class=\"aux-attachment aux-featured-image attachment-500x375 aux-attachment-id-414 \" alt=\"Onni 2001\" srcset=\"https:\/\/ruususeura.fi\/wp-content\/uploads\/2020\/04\/vuodenruusu2001-150x113.jpg 150w,https:\/\/ruususeura.fi\/wp-content\/uploads\/2020\/04\/vuodenruusu2001-300x225.jpg 300w,https:\/\/ruususeura.fi\/wp-content\/uploads\/2020\/04\/vuodenruusu2001.jpg 500w,https:\/\/ruususeura.fi\/wp-content\/uploads\/2020\/04\/vuodenruusu2001-490x367.jpg 490w\" data-ratio=\"1.33\" data-original-w=\"500\" sizes=\"(max-width:479px) 480px,(max-width:767px) 768px,(max-width:1023px) 1024px,500px\" \/><\/a><\/div><\/div>\n                            \n                            <div class=\"entry-main\">\n                                                        \n                                <header class=\"entry-header\">\n                                \n                                    <h4 class=\"entry-title\">\n                                        <a href=\"https:\/\/ruususeura.fi\/sv\/arets-ros-2001\/\">\n                                            2001 &#8217;Onni&#8217;                                        <\/a>\n                                    <\/h4>\n                                                                    <div class=\"entry-format\">\n                                        <a href=\"https:\/\/ruususeura.fi\/sv\/arets-ros-2001\/\">\n                                            <div class=\"post-format format-\"> <\/div>\n                                        <\/a>\n                                    <\/div>\n                                <\/header>\n                            \n                                                            <div class=\"entry-content\">\n                                                                            <p>\u2019Onni\u2019 hittades i Rovaniemi p\u00e5 1950-talet.\u00a0En g\u00e5rdfarihandlare hade s\u00e5lt den som en midsommarros till en privat g\u00e5rd.\n\u2019Onni\u2019 blir en 1,5-1,8 m h\u00f6g buske. de ned ...<\/p><div class=\"clear\"><\/div>                                <\/div>\n                                                                                        <footer class=\"entry-meta aux-after-content\">\n                                                                        <div class=\"readmore\">\n                                        <a href=\"https:\/\/ruususeura.fi\/sv\/arets-ros-2001\/\" class=\"aux-read-more\"><span class=\"aux-read-more-text\">L\u00e4s mera<\/span><\/a>\n                                    <\/div>\n                                                                    <\/footer>\n                            \n                            <\/div>\n\n                        <\/article>\n<\/div><div class=\"aux-block post-628\">\n                        <article class=\"post post-628 type-post status-publish format-standard has-post-thumbnail hentry category-arets-ros-ruusu\">\n                                                        <div class=\"entry-media\"><div class=\"aux-media-frame aux-media-image aux-image-mask\"><a href=\"https:\/\/ruususeura.fi\/sv\/arets-ros-2000\/\"><img decoding=\"async\" src=\"https:\/\/ruususeura.fi\/wp-content\/uploads\/2020\/04\/vuodenruusu2000.jpg\" class=\"aux-attachment aux-featured-image attachment-500x333 aux-attachment-id-410 \" alt=\"kempeleenruusu 2000\" srcset=\"https:\/\/ruususeura.fi\/wp-content\/uploads\/2020\/04\/vuodenruusu2000-150x100.jpg 150w,https:\/\/ruususeura.fi\/wp-content\/uploads\/2020\/04\/vuodenruusu2000-300x200.jpg 300w,https:\/\/ruususeura.fi\/wp-content\/uploads\/2020\/04\/vuodenruusu2000.jpg 500w,https:\/\/ruususeura.fi\/wp-content\/uploads\/2020\/04\/vuodenruusu2000-490x367.jpg 490w\" data-ratio=\"1.33\" data-original-w=\"500\" sizes=\"(max-width:479px) 480px,(max-width:767px) 768px,(max-width:1023px) 1024px,500px\" \/><\/a><\/div><\/div>\n                            \n                            <div class=\"entry-main\">\n                                                        \n                                <header class=\"entry-header\">\n                                \n                                    <h4 class=\"entry-title\">\n                                        <a href=\"https:\/\/ruususeura.fi\/sv\/arets-ros-2000\/\">\n                                            2000 &#8217;Kempeleen Kaunotar&#8217;,                                        <\/a>\n                                    <\/h4>\n                                                                    <div class=\"entry-format\">\n                                        <a href=\"https:\/\/ruususeura.fi\/sv\/arets-ros-2000\/\">\n                                            <div class=\"post-format format-\"> <\/div>\n                                        <\/a>\n                                    <\/div>\n                                <\/header>\n                            \n                                                            <div class=\"entry-content\">\n                                                                            <p>\nDen h\u00e4rdiga \u2019Kempeleen Kaunotar\u2019 blir en 2-3m h\u00f6g styvt uppr\u00e4tt buske med obetydligt taggar. Rotskott bildas rikligt. Blomningen b\u00f6rjar tidigt i juni och r\u00e4cke ...<\/p><div class=\"clear\"><\/div>                                <\/div>\n                                                                                        <footer class=\"entry-meta aux-after-content\">\n                                                                        <div class=\"readmore\">\n                                        <a href=\"https:\/\/ruususeura.fi\/sv\/arets-ros-2000\/\" class=\"aux-read-more\"><span class=\"aux-read-more-text\">L\u00e4s mera<\/span><\/a>\n                                    <\/div>\n                                                                    <\/footer>\n                            \n                            <\/div>\n\n                        <\/article>\n<\/div><div class=\"aux-block post-622\">\n                        <article class=\"post post-622 type-post status-publish format-standard has-post-thumbnail hentry category-arets-ros-ruusu\">\n                                                        <div class=\"entry-media\"><div class=\"aux-media-frame aux-media-image aux-image-mask\"><a href=\"https:\/\/ruususeura.fi\/sv\/arets-ros-1999\/\"><img decoding=\"async\" src=\"https:\/\/ruususeura.fi\/wp-content\/uploads\/2020\/04\/vuodenruusu1999.jpg\" class=\"aux-attachment aux-featured-image attachment-500x375 aux-attachment-id-403 \" alt=\"tornionlaaksonruusu\" srcset=\"https:\/\/ruususeura.fi\/wp-content\/uploads\/2020\/04\/vuodenruusu1999-150x113.jpg 150w,https:\/\/ruususeura.fi\/wp-content\/uploads\/2020\/04\/vuodenruusu1999-300x225.jpg 300w,https:\/\/ruususeura.fi\/wp-content\/uploads\/2020\/04\/vuodenruusu1999.jpg 500w,https:\/\/ruususeura.fi\/wp-content\/uploads\/2020\/04\/vuodenruusu1999-490x367.jpg 490w\" data-ratio=\"1.33\" data-original-w=\"500\" sizes=\"(max-width:479px) 480px,(max-width:767px) 768px,(max-width:1023px) 1024px,500px\" \/><\/a><\/div><\/div>\n                            \n                            <div class=\"entry-main\">\n                                                        \n                                <header class=\"entry-header\">\n                                \n                                    <h4 class=\"entry-title\">\n                                        <a href=\"https:\/\/ruususeura.fi\/sv\/arets-ros-1999\/\">\n                                            1999 &#8217; Tornedalsrosen&#8217;                                        <\/a>\n                                    <\/h4>\n                                                                    <div class=\"entry-format\">\n                                        <a href=\"https:\/\/ruususeura.fi\/sv\/arets-ros-1999\/\">\n                                            <div class=\"post-format format-\"> <\/div>\n                                        <\/a>\n                                    <\/div>\n                                <\/header>\n                            \n                                                            <div class=\"entry-content\">\n                                                                            <p>Av de fyllda vildrosorna (R. majalis) \u00e4r tornedalsrosen och den fyllda kanelrosen de vanligaste. \u2019Tornedal\u2019 har funnits i Torne \u00e4lvs dalg\u00e5ng i \u00e5tminstone 300 \u00e5r ...<\/p><div class=\"clear\"><\/div>                                <\/div>\n                                                                                        <footer class=\"entry-meta aux-after-content\">\n                                                                        <div class=\"readmore\">\n                                        <a href=\"https:\/\/ruususeura.fi\/sv\/arets-ros-1999\/\" class=\"aux-read-more\"><span class=\"aux-read-more-text\">L\u00e4s mera<\/span><\/a>\n                                    <\/div>\n                                                                    <\/footer>\n                            \n                            <\/div>\n\n                        <\/article>\n<\/div><div class=\"aux-block post-624\">\n                        <article class=\"post post-624 type-post status-publish format-standard has-post-thumbnail hentry category-arets-ros-ruusu\">\n                                                        <div class=\"entry-media\"><div class=\"aux-media-frame aux-media-image aux-image-mask\"><a href=\"https:\/\/ruususeura.fi\/sv\/arets-ros-1996\/\"><img decoding=\"async\" src=\"https:\/\/ruususeura.fi\/wp-content\/uploads\/2020\/04\/vuodenruusu1996.jpg\" class=\"aux-attachment aux-featured-image attachment-500x375 aux-attachment-id-397 \" alt=\"vuodenruusu1996\" srcset=\"https:\/\/ruususeura.fi\/wp-content\/uploads\/2020\/04\/vuodenruusu1996-150x113.jpg 150w,https:\/\/ruususeura.fi\/wp-content\/uploads\/2020\/04\/vuodenruusu1996-300x225.jpg 300w,https:\/\/ruususeura.fi\/wp-content\/uploads\/2020\/04\/vuodenruusu1996.jpg 500w,https:\/\/ruususeura.fi\/wp-content\/uploads\/2020\/04\/vuodenruusu1996-490x367.jpg 490w\" data-ratio=\"1.33\" data-original-w=\"500\" sizes=\"(max-width:479px) 480px,(max-width:767px) 768px,(max-width:1023px) 1024px,500px\" \/><\/a><\/div><\/div>\n                            \n                            <div class=\"entry-main\">\n                                                        \n                                <header class=\"entry-header\">\n                                \n                                    <h4 class=\"entry-title\">\n                                        <a href=\"https:\/\/ruususeura.fi\/sv\/arets-ros-1996\/\">\n                                            1996 &#8217;Pikkala&#8217;, &#8217;Pikkalarosen&#8217;                                        <\/a>\n                                    <\/h4>\n                                                                    <div class=\"entry-format\">\n                                        <a href=\"https:\/\/ruususeura.fi\/sv\/arets-ros-1996\/\">\n                                            <div class=\"post-format format-\"> <\/div>\n                                        <\/a>\n                                    <\/div>\n                                <\/header>\n                            \n                                                            <div class=\"entry-content\">\n                                                                            <p>\u2019Pikkala\u2019 \u00e4r en korsning av centifolia och gallica.\nDen har f\u00e5tt sitt namn fr\u00e5n Pikkala g\u00e5rd i Sjunde\u00e5. Senare har den ocks\u00e5 hittats i Kurikka och Eken\u00e4s, d\u00e4r m ...<\/p><div class=\"clear\"><\/div>                                <\/div>\n                                                                                        <footer class=\"entry-meta aux-after-content\">\n                                                                        <div class=\"readmore\">\n                                        <a href=\"https:\/\/ruususeura.fi\/sv\/arets-ros-1996\/\" class=\"aux-read-more\"><span class=\"aux-read-more-text\">L\u00e4s mera<\/span><\/a>\n                                    <\/div>\n                                                                    <\/footer>\n                            \n                            <\/div>\n\n                        <\/article>\n<\/div><div class=\"aux-block post-620\">\n                        <article class=\"post post-620 type-post status-publish format-standard has-post-thumbnail hentry category-arets-ros-ruusu\">\n                                                        <div class=\"entry-media\"><div class=\"aux-media-frame aux-media-image aux-image-mask\"><a href=\"https:\/\/ruususeura.fi\/sv\/arets-ros-1995\/\"><img decoding=\"async\" src=\"https:\/\/ruususeura.fi\/wp-content\/uploads\/2020\/04\/vuodenruusu1995.jpg\" class=\"aux-attachment aux-featured-image attachment-500x321 aux-attachment-id-392 \" alt=\"vuodenruusu1995\" srcset=\"https:\/\/ruususeura.fi\/wp-content\/uploads\/2020\/04\/vuodenruusu1995-150x96.jpg 150w,https:\/\/ruususeura.fi\/wp-content\/uploads\/2020\/04\/vuodenruusu1995-300x193.jpg 300w,https:\/\/ruususeura.fi\/wp-content\/uploads\/2020\/04\/vuodenruusu1995.jpg 500w,https:\/\/ruususeura.fi\/wp-content\/uploads\/2020\/04\/vuodenruusu1995-490x367.jpg 490w\" data-ratio=\"1.33\" data-original-w=\"500\" sizes=\"(max-width:479px) 480px,(max-width:767px) 768px,(max-width:1023px) 1024px,500px\" \/><\/a><\/div><\/div>\n                            \n                            <div class=\"entry-main\">\n                                                        \n                                <header class=\"entry-header\">\n                                \n                                    <h4 class=\"entry-title\">\n                                        <a href=\"https:\/\/ruususeura.fi\/sv\/arets-ros-1995\/\">\n                                            1995 &#8217;R\u00e5dinnerosen&#8217;                                        <\/a>\n                                    <\/h4>\n                                                                    <div class=\"entry-format\">\n                                        <a href=\"https:\/\/ruususeura.fi\/sv\/arets-ros-1995\/\">\n                                            <div class=\"post-format format-\"> <\/div>\n                                        <\/a>\n                                    <\/div>\n                                <\/header>\n                            \n                                                            <div class=\"entry-content\">\n                                                                            <p>Rosa \u00d7 spaethiana \u2019Spek\u2019s Improved\u2019, \u2019Improved\u2019.\u00a0J.Spek, Holland ca. 1888. Rosa palustris \u00d7 R. rugosa\nR\u00e5dsrosen med enkla blommor och R\u00e5dinnerosen med dubbla bl ...<\/p><div class=\"clear\"><\/div>                                <\/div>\n                                                                                        <footer class=\"entry-meta aux-after-content\">\n                                                                        <div class=\"readmore\">\n                                        <a href=\"https:\/\/ruususeura.fi\/sv\/arets-ros-1995\/\" class=\"aux-read-more\"><span class=\"aux-read-more-text\">L\u00e4s mera<\/span><\/a>\n                                    <\/div>\n                                                                    <\/footer>\n                            \n                            <\/div>\n\n                        <\/article>\n<\/div><\/div><\/section><!-- widget-container -->\t\t\t\t<\/div>\n\t\t\t\t<\/div>\n\t\t\t\t\t<\/div>\n\t\t<\/div>\n\t\t\t\t\t<\/div>\n\t\t<\/section>\n\t\t\t\t<section class=\"elementor-section elementor-top-section elementor-element elementor-element-c74472f elementor-section-boxed elementor-section-height-default elementor-section-height-default\" data-id=\"c74472f\" data-element_type=\"section\" data-e-type=\"section\">\n\t\t\t\t\t\t<div class=\"elementor-container elementor-column-gap-default\">\n\t\t\t\t\t<div class=\"aux-parallax-section elementor-column elementor-col-100 elementor-top-column elementor-element elementor-element-9ab5ad0\" data-id=\"9ab5ad0\" data-element_type=\"column\" data-e-type=\"column\">\n\t\t\t<div class=\"elementor-widget-wrap elementor-element-populated\">\n\t\t\t\t\t\t<div class=\"elementor-element elementor-element-51aa060 elementor-widget elementor-widget-text-editor\" data-id=\"51aa060\" data-element_type=\"widget\" data-e-type=\"widget\" data-widget_type=\"text-editor.default\">\n\t\t\t\t<div class=\"elementor-widget-container\">\n\t\t\t\t\t\t\t\t\tytterligare information\r\n\r\nRose Society-webbplats: <a href=\"http:\/\/www.ruususeura.fi\/\">www.ruususeura.fi<\/a>\r\n\r\nSimolan rosario: <a href=\"http:\/\/www.simolanrosario.com\">www.simolanrosario.com<\/a>\r\n\r\nAlanko-Joy-Kahila-Tegel, Suomalainen ruusukirja, Tammi, Helsinki, 2009.\r\n\r\nRautio, Pirjo, Suomen ruusut, Otava, Helsinki, 2009.\r\n\r\nRautio, Pirjo, toim., Kauniit l\u00f6yt\u00f6ruusut \/ Vackra fyndrosor, Suomen Ruususeura Ry\/ Finska Rosens\u00e4llskapet, 2009.\r\n\r\nRautio, Pirjo, Tuoksuvat tarhakurtturuusut \/ Doftande rugosarosor, Suomen Ruususeura Ry\/ Finska Rosens\u00e4llskapet, 2013.\r\n\r\nRautio, Pirjo, Upeat ranskanruusut \/ Praktfulla gallicarosor, Suomen Ruususeura Ry\/ Finska Rosens\u00e4llskapet, 2016.\t\t\t\t\t\t\t\t<\/div>\n\t\t\t\t<\/div>\n\t\t\t\t\t<\/div>\n\t\t<\/div>\n\t\t\t\t\t<\/div>\n\t\t<\/section>\n\t\t\t\t<\/div>\n\t\t","protected":false},"excerpt":{"rendered":"<p>\u00c5rets ros 2024-1995 Rosens\u00e4llskapet har utn\u00e4mnt \u00e5rets ros fr\u00e5n 1995. Genom att v\u00e4lja \u00e5rets ros vill Rosens\u00e4llskapet f\u00e4sta uppm\u00e4rksamhet vid v\u00e4rdefulla, vackra och h\u00e4rdiga rosor, samt f\u00f6rb\u00e4ttra m\u00f6jligheten att erh\u00e5lla rot\u00e4kta s\u00e5dana. De \u00e4r ofta vildrosor, fyndrosor eller f\u00f6r\u00e4dlade nya buskrosor i Finland.\u00a0 \u00c5rets rosor offentligg\u00f6rs i god tid, s\u00e5 att plantskolorna hinner f\u00f6r\u00f6ka dem [&hellip;]<\/p>\n","protected":false},"author":1,"featured_media":0,"parent":0,"menu_order":0,"comment_status":"closed","ping_status":"closed","template":"","meta":{"footnotes":""},"class_list":["post-1126","page","type-page","status-publish","hentry"],"_links":{"self":[{"href":"https:\/\/ruususeura.fi\/sv\/wp-json\/wp\/v2\/pages\/1126","targetHints":{"allow":["GET"]}}],"collection":[{"href":"https:\/\/ruususeura.fi\/sv\/wp-json\/wp\/v2\/pages"}],"about":[{"href":"https:\/\/ruususeura.fi\/sv\/wp-json\/wp\/v2\/types\/page"}],"author":[{"embeddable":true,"href":"https:\/\/ruususeura.fi\/sv\/wp-json\/wp\/v2\/users\/1"}],"replies":[{"embeddable":true,"href":"https:\/\/ruususeura.fi\/sv\/wp-json\/wp\/v2\/comments?post=1126"}],"version-history":[{"count":5,"href":"https:\/\/ruususeura.fi\/sv\/wp-json\/wp\/v2\/pages\/1126\/revisions"}],"predecessor-version":[{"id":4570,"href":"https:\/\/ruususeura.fi\/sv\/wp-json\/wp\/v2\/pages\/1126\/revisions\/4570"}],"wp:attachment":[{"href":"https:\/\/ruususeura.fi\/sv\/wp-json\/wp\/v2\/media?parent=1126"}],"curies":[{"name":"wp","href":"https:\/\/api.w.org\/{rel}","templated":true}]}}