{"id":2777,"date":"2020-12-13T18:27:05","date_gmt":"2020-12-13T16:27:05","guid":{"rendered":"https:\/\/ruususeura.fi\/lokalgrupper\/"},"modified":"2025-06-14T20:09:06","modified_gmt":"2025-06-14T17:09:06","slug":"lokalgrupper","status":"publish","type":"page","link":"https:\/\/ruususeura.fi\/sv\/lokalgrupper\/","title":{"rendered":"Lokalgrupper"},"content":{"rendered":"\t\t<div data-elementor-type=\"wp-page\" data-elementor-id=\"2777\" class=\"elementor elementor-2777 elementor-2760\">\n\t\t\t\t\t\t<section class=\"elementor-section elementor-top-section elementor-element elementor-element-6ff8259 elementor-section-boxed elementor-section-height-default elementor-section-height-default\" data-id=\"6ff8259\" data-element_type=\"section\" data-e-type=\"section\">\n\t\t\t\t\t\t<div class=\"elementor-container elementor-column-gap-default\">\n\t\t\t\t\t<div class=\"aux-parallax-section elementor-column elementor-col-33 elementor-top-column elementor-element elementor-element-7ee8f55\" data-id=\"7ee8f55\" data-element_type=\"column\" data-e-type=\"column\">\n\t\t\t<div class=\"elementor-widget-wrap elementor-element-populated\">\n\t\t\t\t\t\t<div class=\"elementor-element elementor-element-04cbc85 elementor-widget elementor-widget-text-editor\" data-id=\"04cbc85\" data-element_type=\"widget\" data-e-type=\"widget\" data-widget_type=\"text-editor.default\">\n\t\t\t\t<div class=\"elementor-widget-container\">\n\t\t\t\t\t\t\t\t\t<h5>\u00a01.Helsingfors lokalgrupp:<\/h5>\n<p><strong>TR\u00c4DG\u00c5RDSBES\u00d6K fredag 27.6. kl 10-&gt;<\/strong><\/p>\n<p>Du \u00e4r v\u00e4lkommen att bekanta dig med tv\u00e5 privata tr\u00e4dg\u00e5rdar och Wohls nordiska rosentr\u00e4dg\u00e5rd i norra Kyrksl\u00e4tt.<\/p>\n<p>kl 10. Emmi Silvennoinens tr\u00e4dg\u00e5rd,<\/p>\n<p>Mosabackav\u00e4gen 44b, 02540 Kylm\u00e4l\u00e4<\/p>\n<p>K\u00f6ranvisning: Navigatorn ger direktiv till Mosabackav\u00e4gen 44 men inte l\u00e4ngre. P\u00e5 v\u00e4gens h\u00f6gra sida finns ett l\u00e5gt gult hus och tv\u00e5 postl\u00e5dor. Sv\u00e4ng h\u00e4r till v\u00e4nster p\u00e5 en smal grusv\u00e4g. Till h\u00f6ger syns ett lider och en soptunna. Forts\u00e4tt 300m och m\u00e5let, ett gr\u00e5tt hus syns till h\u00f6ger. Parkera d\u00e4r det passar.<\/p>\n<p>Ca kl 12. Maila Klemettinens tr\u00e4dg\u00e5rd,<\/p>\n<p>Stenbackav\u00e4gen 24, 02550 Evitskog.<\/p>\n<p>K\u00f6ranvisning: Om du anv\u00e4nder navigator, skriv in Stenbackankuja, s\u00e5 f\u00e5r du b\u00e4ttre k\u00f6ranvisning. Man sv\u00e4nger in p\u00e5 gr\u00e4nden fr\u00e5n Stenbackav\u00e4gen. Parkering p\u00e5 Stenbackav\u00e4gen.<\/p>\n<p>Vi b\u00f6rjar med kaffepaus<\/p>\n<p>Ca kl 15. Wohls Nordiska Rosentr\u00e4dg\u00e5rd.<\/p>\n<p>Volsintie 605B, 02400 Kyrksl\u00e4tt<\/p>\n<p>Ta med egen mats\u00e4ck, Det bjuds p\u00e5 dricka f\u00f6r att sl\u00e4cka t\u00f6rsten.<\/p>\n<p>Tyv\u00e4rr kan man komma med bara med privat bil.<\/p>\n<p>N\u00e4rmaste allm\u00e4nna transportmedel (HSL, ABCD) \u00e4r buss 280 fr\u00e5n Kampen kl 8.45 till Veikkola, dit den kommer ca 9.20. Transport d\u00e4rifr\u00e5n kan s\u00e4kert ordnas tillsammans med n\u00e5gon bilburen. Ta kontakt med Maila om du kan bjuda p\u00e5 skjuts eller beh\u00f6ver skjuts.<\/p>\n<p>Sommarens n\u00e4sta tr\u00e4ff \u00e4r i Mejlans rosarium i Augusti. Mera info om det senare.<\/p>\n<p>Sommarh\u00e4lsning fr\u00e5n Maila<\/p>\n<p><strong>Lokalgruppsansvarig:<\/strong> Maila Klemettinen: mailakle(at)gmail.com<\/p>\n\t\t\t\t\t\t\t\t<\/div>\n\t\t\t\t<\/div>\n\t\t\t\t\t<\/div>\n\t\t<\/div>\n\t\t\t\t<div class=\"aux-parallax-section elementor-column elementor-col-33 elementor-top-column elementor-element elementor-element-cc8df38\" data-id=\"cc8df38\" data-element_type=\"column\" data-e-type=\"column\">\n\t\t\t<div class=\"elementor-widget-wrap elementor-element-populated\">\n\t\t\t\t\t\t<div class=\"elementor-element elementor-element-ce30b8a elementor-widget elementor-widget-text-editor\" data-id=\"ce30b8a\" data-element_type=\"widget\" data-e-type=\"widget\" data-widget_type=\"text-editor.default\">\n\t\t\t\t<div class=\"elementor-widget-container\">\n\t\t\t\t\t\t\t\t\t<h4><strong>Pirkanmaas lokalgrupp<\/strong><\/h4>\n<p><\/p>\n<div>\n<p>\u00d6ppen tr\u00e4dg\u00e5rd i Lauri Korpijaakkos rosentr\u00e4dg\u00e5rd (ca. 200 olika rosor varav m\u00e5nga \u201degna\u201d!) torsdag 19.6.kl 11-13. Till oss kan man komma n\u00e4r det passar dig, men ring och kom \u00f6verens. Koivutie 7, H\u00e4meenkyr\u00f6, tel 0504966155. V\u00e4lkommen!<\/p>\n<p>Lokalgruppen i Tammerfors ordnar sommarens bussutflykt 11.7.. Ta kontakt med Kristiina eller Pentti f\u00f6r mera information<\/p>\n<\/div>\n<p><\/p>\n<div><strong>Lokalgruppsansvariga:<\/strong><\/div>\n<p><\/p>\n<div>Kristiina Kallioj\u00e4rvi: kristiina.kalliojarvi(at)kolumbus.fi \u00a0och<\/div>\n<p><\/p>\n<div><\/div>\n<p><\/p>\n<div>Pentti S\u00e4yn\u00e4v\u00e4j\u00e4rvi: pentti.saynavajarvi(at)gmail.com<\/div>\n\t\t\t\t\t\t\t\t<\/div>\n\t\t\t\t<\/div>\n\t\t\t\t\t<\/div>\n\t\t<\/div>\n\t\t\t\t<div class=\"aux-parallax-section elementor-column elementor-col-33 elementor-top-column elementor-element elementor-element-8029f09\" data-id=\"8029f09\" data-element_type=\"column\" data-e-type=\"column\">\n\t\t\t<div class=\"elementor-widget-wrap elementor-element-populated\">\n\t\t\t\t\t\t<div class=\"elementor-element elementor-element-8f28fe5 elementor-widget elementor-widget-text-editor\" data-id=\"8f28fe5\" data-element_type=\"widget\" data-e-type=\"widget\" data-widget_type=\"text-editor.default\">\n\t\t\t\t<div class=\"elementor-widget-container\">\n\t\t\t\t\t\t\t\t\t<h4><strong>\u00c5bo lokalgrupp<\/strong><\/h4>\n<p>Lokalgruppen tr\u00e4ffas i Runsala botaniska tr\u00e4dg\u00e5rds seminarieutrymme under v\u00e5ren f\u00f6r att planera sommarens aktiviteter. \u00a0Kom och tr\u00e4ffa andra rosv\u00e4nner och fundera ut sommarens bes\u00f6ksm\u00e5l!<\/p>\n<p><strong>Lokalgruppsansvarig:<\/strong> Maarit Kaipiainen, lokalgruppsansvarig.<\/p>\n<p>Mobiltelefon; 050 565 8868<\/p>\n\t\t\t\t\t\t\t\t<\/div>\n\t\t\t\t<\/div>\n\t\t\t\t\t<\/div>\n\t\t<\/div>\n\t\t\t\t\t<\/div>\n\t\t<\/section>\n\t\t\t\t<section class=\"elementor-section elementor-top-section elementor-element elementor-element-c3a9e60 elementor-section-boxed elementor-section-height-default elementor-section-height-default\" data-id=\"c3a9e60\" data-element_type=\"section\" data-e-type=\"section\">\n\t\t\t\t\t\t<div class=\"elementor-container elementor-column-gap-default\">\n\t\t\t\t\t<div class=\"aux-parallax-section elementor-column elementor-col-66 elementor-top-column elementor-element elementor-element-67d5a72\" data-id=\"67d5a72\" data-element_type=\"column\" data-e-type=\"column\">\n\t\t\t<div class=\"elementor-widget-wrap elementor-element-populated\">\n\t\t\t\t\t\t<div class=\"elementor-element elementor-element-942b3c8 elementor-widget elementor-widget-text-editor\" data-id=\"942b3c8\" data-element_type=\"widget\" data-e-type=\"widget\" data-widget_type=\"text-editor.default\">\n\t\t\t\t<div class=\"elementor-widget-container\">\n\t\t\t\t\t\t\t\t\t<h3>Lokalgruppen i Ule\u00e5borg<\/h3>\n<p>Tag kontakt om du \u00e4r intresserad av v\u00e5r verksamhet:<\/p>\n<p>Matti Kulju: &#109;&#x2e;k&#x75;&#x6c;&#106;&#x75;&#64;&#x6b;&#x6f;&#108;&#x75;m&#x62;&#x75;&#115;&#x2e;f&#x69;<\/p>\n\t\t\t\t\t\t\t\t<\/div>\n\t\t\t\t<\/div>\n\t\t\t\t\t<\/div>\n\t\t<\/div>\n\t\t\t\t<div class=\"aux-parallax-section elementor-column elementor-col-33 elementor-top-column elementor-element elementor-element-a6476c8\" data-id=\"a6476c8\" data-element_type=\"column\" data-e-type=\"column\">\n\t\t\t<div class=\"elementor-widget-wrap elementor-element-populated\">\n\t\t\t\t\t\t<div class=\"elementor-element elementor-element-8468e39 elementor-widget elementor-widget-image\" data-id=\"8468e39\" data-element_type=\"widget\" data-e-type=\"widget\" data-widget_type=\"image.default\">\n\t\t\t\t<div class=\"elementor-widget-container\">\n\t\t\t\t\t\t\t\t\t\t\t\t<figure class=\"wp-caption\">\n\t\t\t\t\t\t\t\t\t\t<img fetchpriority=\"high\" decoding=\"async\" width=\"1024\" height=\"1024\" src=\"https:\/\/ruususeura.fi\/wp-content\/uploads\/2020\/12\/DSC_5698-1024x1024.jpg\" class=\"attachment-large size-large wp-image-2767\" alt=\"\" srcset=\"https:\/\/ruususeura.fi\/wp-content\/uploads\/2020\/12\/DSC_5698-1024x1024.jpg 1024w, https:\/\/ruususeura.fi\/wp-content\/uploads\/2020\/12\/DSC_5698-300x300.jpg 300w, https:\/\/ruususeura.fi\/wp-content\/uploads\/2020\/12\/DSC_5698-150x150.jpg 150w, https:\/\/ruususeura.fi\/wp-content\/uploads\/2020\/12\/DSC_5698-768x768.jpg 768w\" sizes=\"(max-width: 1024px) 100vw, 1024px\" \/>\t\t\t\t\t\t\t\t\t\t\t<figcaption class=\"widget-image-caption wp-caption-text\">'Kirovsk'<\/figcaption>\n\t\t\t\t\t\t\t\t\t\t<\/figure>\n\t\t\t\t\t\t\t\t\t<\/div>\n\t\t\t\t<\/div>\n\t\t\t\t\t<\/div>\n\t\t<\/div>\n\t\t\t\t\t<\/div>\n\t\t<\/section>\n\t\t\t\t<section class=\"elementor-section elementor-top-section elementor-element elementor-element-bff6136 elementor-section-boxed elementor-section-height-default elementor-section-height-default\" data-id=\"bff6136\" data-element_type=\"section\" data-e-type=\"section\">\n\t\t\t\t\t\t<div class=\"elementor-container elementor-column-gap-default\">\n\t\t\t\t\t<div class=\"aux-parallax-section elementor-column elementor-col-66 elementor-top-column elementor-element elementor-element-44ef972\" data-id=\"44ef972\" data-element_type=\"column\" data-e-type=\"column\">\n\t\t\t<div class=\"elementor-widget-wrap elementor-element-populated\">\n\t\t\t\t\t\t<div class=\"elementor-element elementor-element-ad3df69 elementor-widget elementor-widget-text-editor\" data-id=\"ad3df69\" data-element_type=\"widget\" data-e-type=\"widget\" data-widget_type=\"text-editor.default\">\n\t\t\t\t<div class=\"elementor-widget-container\">\n\t\t\t\t\t\t\t\t\t<h3>Lokalgruppen i \u00c5bonejden<\/h3>\n<p>Lokalgruppen i \u00c5bonejden har under de senaste \u00e5ren samlats n\u00e5gra g\u00e5nger per \u00e5r till \u00e5terkommande begivenheter. I mitten av mars tr\u00e4ffas vi, g\u00e5r igenom och minns f\u00f6rra \u00e5rets rosutflykter samtidigt som vi planerar sommarens utf\u00e4rder.<\/p>\n<p>Under den b\u00e4sta tiden f\u00f6r rosblomningen g\u00f6r vi dagsutflykter, oftast i v\u00e5ra egna trakter, men ibland reser vi ocks\u00e5 l\u00e4ngre bort. Utflykterna har upplevts som inspirerande. I rosenamat\u00f6rernas s\u00e4llskap l\u00e4r man sig alltid n\u00e5gonting nytt.<\/p>\n<p>Lokalgruppen i \u00c5bonejden informerar om sina aktiviteter i Rosenbladet och h\u00e4r p\u00e5 hemsidan, men dessutom via e-post till de personer som gett sina kontaktuppgifter till gruppens primus motor. Tag kontakt om du \u00e4r intresserad av v\u00e5r verksamhet. Ju fler aktiva medlemmar, desto fler goda id\u00e9er f\u00f6r verksamheten, t.ex. tips om intressanta utflyktsm\u00e5l.<\/p>\n<p>Maarit Kaipiainen : &#109;&#x61;&#x61;r&#105;&#x74;&#46;&#107;&#x61;&#x69;&#112;&#x69;&#x61;i&#110;&#x65;n&#64;&#x70;&#x70;&#46;&#x69;&#x6e;e&#116;&#x2e;f&#105;<\/p>\n<p>&nbsp;<\/p>\n\t\t\t\t\t\t\t\t<\/div>\n\t\t\t\t<\/div>\n\t\t\t\t\t<\/div>\n\t\t<\/div>\n\t\t\t\t<div class=\"aux-parallax-section elementor-column elementor-col-33 elementor-top-column elementor-element elementor-element-38b7d19\" data-id=\"38b7d19\" data-element_type=\"column\" data-e-type=\"column\">\n\t\t\t<div class=\"elementor-widget-wrap elementor-element-populated\">\n\t\t\t\t\t\t<div class=\"elementor-element elementor-element-3402b4e elementor-widget elementor-widget-image\" data-id=\"3402b4e\" data-element_type=\"widget\" data-e-type=\"widget\" data-widget_type=\"image.default\">\n\t\t\t\t<div class=\"elementor-widget-container\">\n\t\t\t\t\t\t\t\t\t\t\t\t<figure class=\"wp-caption\">\n\t\t\t\t\t\t\t\t\t\t<img decoding=\"async\" width=\"1024\" height=\"1024\" src=\"https:\/\/ruususeura.fi\/wp-content\/uploads\/2020\/12\/DSC_0757-1024x1024.jpg\" class=\"attachment-large size-large wp-image-2763\" alt=\"\" srcset=\"https:\/\/ruususeura.fi\/wp-content\/uploads\/2020\/12\/DSC_0757-1024x1024.jpg 1024w, https:\/\/ruususeura.fi\/wp-content\/uploads\/2020\/12\/DSC_0757-300x300.jpg 300w, https:\/\/ruususeura.fi\/wp-content\/uploads\/2020\/12\/DSC_0757-150x150.jpg 150w, https:\/\/ruususeura.fi\/wp-content\/uploads\/2020\/12\/DSC_0757-768x768.jpg 768w\" sizes=\"(max-width: 1024px) 100vw, 1024px\" \/>\t\t\t\t\t\t\t\t\t\t\t<figcaption class=\"widget-image-caption wp-caption-text\">Ruusu Maskun Rosariossa<\/figcaption>\n\t\t\t\t\t\t\t\t\t\t<\/figure>\n\t\t\t\t\t\t\t\t\t<\/div>\n\t\t\t\t<\/div>\n\t\t\t\t\t<\/div>\n\t\t<\/div>\n\t\t\t\t\t<\/div>\n\t\t<\/section>\n\t\t\t\t<\/div>\n\t\t","protected":false},"excerpt":{"rendered":"<p>\u00a01.Helsingfors lokalgrupp: TR\u00c4DG\u00c5RDSBES\u00d6K fredag 27.6. kl 10-&gt; Du \u00e4r v\u00e4lkommen att bekanta dig med tv\u00e5 privata tr\u00e4dg\u00e5rdar och Wohls nordiska rosentr\u00e4dg\u00e5rd i norra Kyrksl\u00e4tt. kl 10. Emmi Silvennoinens tr\u00e4dg\u00e5rd, Mosabackav\u00e4gen 44b, 02540 Kylm\u00e4l\u00e4 K\u00f6ranvisning: Navigatorn ger direktiv till Mosabackav\u00e4gen 44 men inte l\u00e4ngre. P\u00e5 v\u00e4gens h\u00f6gra sida finns ett l\u00e5gt gult hus och tv\u00e5 postl\u00e5dor. [&hellip;]<\/p>\n","protected":false},"author":2,"featured_media":0,"parent":0,"menu_order":0,"comment_status":"closed","ping_status":"closed","template":"","meta":{"footnotes":""},"class_list":["post-2777","page","type-page","status-publish","hentry"],"_links":{"self":[{"href":"https:\/\/ruususeura.fi\/sv\/wp-json\/wp\/v2\/pages\/2777","targetHints":{"allow":["GET"]}}],"collection":[{"href":"https:\/\/ruususeura.fi\/sv\/wp-json\/wp\/v2\/pages"}],"about":[{"href":"https:\/\/ruususeura.fi\/sv\/wp-json\/wp\/v2\/types\/page"}],"author":[{"embeddable":true,"href":"https:\/\/ruususeura.fi\/sv\/wp-json\/wp\/v2\/users\/2"}],"replies":[{"embeddable":true,"href":"https:\/\/ruususeura.fi\/sv\/wp-json\/wp\/v2\/comments?post=2777"}],"version-history":[{"count":5,"href":"https:\/\/ruususeura.fi\/sv\/wp-json\/wp\/v2\/pages\/2777\/revisions"}],"predecessor-version":[{"id":4717,"href":"https:\/\/ruususeura.fi\/sv\/wp-json\/wp\/v2\/pages\/2777\/revisions\/4717"}],"wp:attachment":[{"href":"https:\/\/ruususeura.fi\/sv\/wp-json\/wp\/v2\/media?parent=2777"}],"curies":[{"name":"wp","href":"https:\/\/api.w.org\/{rel}","templated":true}]}}